{"id":2975,"date":"2025-05-21T14:50:22","date_gmt":"2025-05-21T14:50:22","guid":{"rendered":"https:\/\/aldea.work\/?page_id=2975"},"modified":"2026-02-04T16:47:39","modified_gmt":"2026-02-04T16:47:39","slug":"blog","status":"publish","type":"page","link":"https:\/\/aldea.work\/en\/blog\/","title":{"rendered":"Blog"},"content":{"rendered":"<div data-elementor-type=\"wp-page\" data-elementor-id=\"2975\" class=\"elementor elementor-2975\">\n\t\t\t\t<div class=\"elementor-element elementor-element-5aad21c e-con-full e-flex wpr-particle-no wpr-jarallax-no wpr-parallax-no wpr-sticky-section-no e-con e-parent\" data-id=\"5aad21c\" data-element_type=\"container\" data-e-type=\"container\">\n\t\t\t\t<div class=\"elementor-element elementor-element-a5045a8 premium-blog-align-center premium-blog__carousel-yes elementor-widget elementor-widget-premium-addon-blog\" data-id=\"a5045a8\" data-element_type=\"widget\" data-e-type=\"widget\" data-settings=\"{&quot;premium_blog_columns_number&quot;:&quot;100%&quot;,&quot;premium_blog_carousel&quot;:&quot;yes&quot;,&quot;premium_blog_carousel_fade&quot;:&quot;yes&quot;,&quot;premium_blog_carousel_play&quot;:&quot;yes&quot;,&quot;slides_to_scroll&quot;:1,&quot;carousel_speed&quot;:1000,&quot;premium_blog_carousel_dots&quot;:&quot;yes&quot;,&quot;premium_blog_grid&quot;:&quot;yes&quot;,&quot;premium_blog_layout&quot;:&quot;even&quot;,&quot;premium_blog_columns_number_tablet&quot;:&quot;50%&quot;,&quot;premium_blog_columns_number_mobile&quot;:&quot;100%&quot;,&quot;premium_blog_carousel_autoplay_speed&quot;:5000,&quot;premium_blog_carousel_spacing&quot;:&quot;15&quot;}\" data-widget_type=\"premium-addon-blog.default\">\n\t\t\t\t\t\r\n\t\t\r\n\r\n\t\t\t\t<div class=\"premium-blog-wrap  premium-blog-even premium-carousel-hidden\" data-page=\"2975\">\r\n\t\t\t\t\t\t\t\t\t<div class=\"premium-blog-post-outer-container\" data-total=\"2\">\r\n\t\t\t<div class=\"premium-blog-post-container premium-blog-skin-banner\">\r\n\t\t\t\t\t\t\t\t\t<div class=\"premium-blog-thumb-effect-wrapper\">\r\n\t\t\t\t\t\t<div class=\"premium-blog-thumbnail-container premium-blog-zoomout-effect\">\r\n\t\t\t\t\t\t\t<img fetchpriority=\"high\" decoding=\"async\" width=\"1200\" height=\"676\" src=\"https:\/\/aldea.work\/wp-content\/uploads\/2025\/07\/5-4-e1756141198744.webp\" class=\"attachment-full size-full wp-image-11518\" alt=\"\" srcset=\"https:\/\/aldea.work\/wp-content\/uploads\/2025\/07\/5-4-e1756141198744.webp 1200w, https:\/\/aldea.work\/wp-content\/uploads\/2025\/07\/5-4-e1756141198744-300x169.webp 300w, https:\/\/aldea.work\/wp-content\/uploads\/2025\/07\/5-4-e1756141198744-1024x577.webp 1024w, https:\/\/aldea.work\/wp-content\/uploads\/2025\/07\/5-4-e1756141198744-768x433.webp 768w, https:\/\/aldea.work\/wp-content\/uploads\/2025\/07\/5-4-e1756141198744-18x10.webp 18w\" sizes=\"(max-width: 1200px) 100vw, 1200px\" \/>\t\t\t\t\t\t<\/div>\r\n\t\t\t\t\t\t\t\t\t\t\t\t\t<div class=\"premium-blog-thumbnail-overlay\">\r\n\t\t\t\t\t\t\t\t<a class=\"elementor-icon\" href=\"https:\/\/aldea.work\/en\/como-vender-mas-desde-tu-espacio-de-trabajo-la-ventaja-invisible-del-coworking\/\" target=\"_blank\"><\/a>\r\n\t\t\t\t\t\t\t<\/div>\r\n\r\n\t\t\t\t\t\t\t\t\t\t\t\t\t\t\t\t\t\t<\/div>\r\n\t\t\t\t\t\t\t\t\t\t\t\t<div class=\"premium-blog-content-wrapper\">\r\n\r\n\t\t\t\t\t<div class=\"premium-blog-inner-container\">\r\n\r\n\t\t\t\t\t\t\t\t\t\t\t\t\t\t<h1 class=\"premium-blog-entry-title\">\r\n\t\t\t<a href=\"https:\/\/aldea.work\/en\/como-vender-mas-desde-tu-espacio-de-trabajo-la-ventaja-invisible-del-coworking\/\" target=\"_blank\">\r\n\t\t\t\tC\u00f3mo vender m\u00e1s desde tu espacio de trabajo: la ventaja invisible del coworking\t\t\t<\/a>\r\n\t\t<\/h1>\r\n\t\t\t\t<div class=\"premium-blog-entry-meta\">\r\n\t\t\t\t\t\t\t<div class=\"premium-blog-post-author premium-blog-meta-data\">\r\n\t\t\t\t\t<i class=\"fa fa-user fa-fw\" aria-hidden=\"true\"><\/i>\r\n\t\t\t\t\t<a href=\"https:\/\/aldea.work\/en\/author\/aldea\/\" title=\"Posts by admin\" rel=\"author\">admin<\/a>\t\t\t\t<\/div>\r\n\t\t\t\r\n\t\t\t\t\t\t\t<span class=\"premium-blog-meta-separator\">\u2022<\/span>\r\n\t\t\t\t<div class=\"premium-blog-post-time premium-blog-meta-data\">\r\n\t\t\t\t\t<i class=\"fa fa-calendar-alt\" aria-hidden=\"true\"><\/i>\r\n\t\t\t\t\t<span>April 17, 2026<\/span>\r\n\t\t\t\t<\/div>\r\n\t\t\t\r\n\t\t\t\r\n\t\t\t\t\t<\/div>\r\n\t\t\r\n\t\t\t\t\t<\/div>\r\n\r\n\t\t\t\t\t\t\t\t\t\t\r\n\t\t\t\t<\/div>\r\n\t\t\t<\/div>\r\n\t\t<\/div>\r\n\r\n\t\t\t\t<div class=\"premium-blog-post-outer-container\" data-total=\"2\">\r\n\t\t\t<div class=\"premium-blog-post-container premium-blog-skin-banner\">\r\n\t\t\t\t\t\t\t\t\t<div class=\"premium-blog-thumb-effect-wrapper\">\r\n\t\t\t\t\t\t<div class=\"premium-blog-thumbnail-container premium-blog-zoomout-effect\">\r\n\t\t\t\t\t\t\t<img fetchpriority=\"high\" decoding=\"async\" width=\"1200\" height=\"676\" src=\"https:\/\/aldea.work\/wp-content\/uploads\/2025\/07\/5-4-e1756141198744.webp\" class=\"attachment-full size-full wp-image-11518\" alt=\"\" srcset=\"https:\/\/aldea.work\/wp-content\/uploads\/2025\/07\/5-4-e1756141198744.webp 1200w, https:\/\/aldea.work\/wp-content\/uploads\/2025\/07\/5-4-e1756141198744-300x169.webp 300w, https:\/\/aldea.work\/wp-content\/uploads\/2025\/07\/5-4-e1756141198744-1024x577.webp 1024w, https:\/\/aldea.work\/wp-content\/uploads\/2025\/07\/5-4-e1756141198744-768x433.webp 768w, https:\/\/aldea.work\/wp-content\/uploads\/2025\/07\/5-4-e1756141198744-18x10.webp 18w\" sizes=\"(max-width: 1200px) 100vw, 1200px\" \/>\t\t\t\t\t\t<\/div>\r\n\t\t\t\t\t\t\t\t\t\t\t\t\t<div class=\"premium-blog-thumbnail-overlay\">\r\n\t\t\t\t\t\t\t\t<a class=\"elementor-icon\" href=\"https:\/\/aldea.work\/en\/innovacion-empresarial-en-2025-por-que-el-espacio-de-trabajo-define-el-crecimiento\/\" target=\"_blank\"><\/a>\r\n\t\t\t\t\t\t\t<\/div>\r\n\r\n\t\t\t\t\t\t\t\t\t\t\t\t\t\t\t\t\t\t<\/div>\r\n\t\t\t\t\t\t\t\t\t\t\t\t<div class=\"premium-blog-content-wrapper\">\r\n\r\n\t\t\t\t\t<div class=\"premium-blog-inner-container\">\r\n\r\n\t\t\t\t\t\t\t\t\t\t\t\t\t\t<h1 class=\"premium-blog-entry-title\">\r\n\t\t\t<a href=\"https:\/\/aldea.work\/en\/innovacion-empresarial-en-2025-por-que-el-espacio-de-trabajo-define-el-crecimiento\/\" target=\"_blank\">\r\n\t\t\t\tInnovaci\u00f3n empresarial en 2025: por qu\u00e9 el espacio de trabajo define el crecimiento\t\t\t<\/a>\r\n\t\t<\/h1>\r\n\t\t\t\t<div class=\"premium-blog-entry-meta\">\r\n\t\t\t\t\t\t\t<div class=\"premium-blog-post-author premium-blog-meta-data\">\r\n\t\t\t\t\t<i class=\"fa fa-user fa-fw\" aria-hidden=\"true\"><\/i>\r\n\t\t\t\t\t<a href=\"https:\/\/aldea.work\/en\/author\/aldea\/\" title=\"Posts by admin\" rel=\"author\">admin<\/a>\t\t\t\t<\/div>\r\n\t\t\t\r\n\t\t\t\t\t\t\t<span class=\"premium-blog-meta-separator\">\u2022<\/span>\r\n\t\t\t\t<div class=\"premium-blog-post-time premium-blog-meta-data\">\r\n\t\t\t\t\t<i class=\"fa fa-calendar-alt\" aria-hidden=\"true\"><\/i>\r\n\t\t\t\t\t<span>April 15, 2026<\/span>\r\n\t\t\t\t<\/div>\r\n\t\t\t\r\n\t\t\t\r\n\t\t\t\t\t<\/div>\r\n\t\t\r\n\t\t\t\t\t<\/div>\r\n\r\n\t\t\t\t\t\t\t\t\t\t\r\n\t\t\t\t<\/div>\r\n\t\t\t<\/div>\r\n\t\t<\/div>\r\n\r\n\t\t\t\t<div class=\"premium-blog-post-outer-container\" data-total=\"2\">\r\n\t\t\t<div class=\"premium-blog-post-container premium-blog-skin-banner\">\r\n\t\t\t\t\t\t\t\t\t<div class=\"premium-blog-thumb-effect-wrapper\">\r\n\t\t\t\t\t\t<div class=\"premium-blog-thumbnail-container premium-blog-zoomout-effect\">\r\n\t\t\t\t\t\t\t<img fetchpriority=\"high\" decoding=\"async\" width=\"1200\" height=\"676\" src=\"https:\/\/aldea.work\/wp-content\/uploads\/2025\/07\/5-4-e1756141198744.webp\" class=\"attachment-full size-full wp-image-11518\" alt=\"\" srcset=\"https:\/\/aldea.work\/wp-content\/uploads\/2025\/07\/5-4-e1756141198744.webp 1200w, https:\/\/aldea.work\/wp-content\/uploads\/2025\/07\/5-4-e1756141198744-300x169.webp 300w, https:\/\/aldea.work\/wp-content\/uploads\/2025\/07\/5-4-e1756141198744-1024x577.webp 1024w, https:\/\/aldea.work\/wp-content\/uploads\/2025\/07\/5-4-e1756141198744-768x433.webp 768w, https:\/\/aldea.work\/wp-content\/uploads\/2025\/07\/5-4-e1756141198744-18x10.webp 18w\" sizes=\"(max-width: 1200px) 100vw, 1200px\" \/>\t\t\t\t\t\t<\/div>\r\n\t\t\t\t\t\t\t\t\t\t\t\t\t<div class=\"premium-blog-thumbnail-overlay\">\r\n\t\t\t\t\t\t\t\t<a class=\"elementor-icon\" href=\"https:\/\/aldea.work\/en\/guia-para-elegir-el-espacio-de-trabajo-ideal-para-tu-empresa-en-2025\/\" target=\"_blank\"><\/a>\r\n\t\t\t\t\t\t\t<\/div>\r\n\r\n\t\t\t\t\t\t\t\t\t\t\t\t\t\t\t\t\t\t<\/div>\r\n\t\t\t\t\t\t\t\t\t\t\t\t<div class=\"premium-blog-content-wrapper\">\r\n\r\n\t\t\t\t\t<div class=\"premium-blog-inner-container\">\r\n\r\n\t\t\t\t\t\t\t\t\t\t\t\t\t\t<h1 class=\"premium-blog-entry-title\">\r\n\t\t\t<a href=\"https:\/\/aldea.work\/en\/guia-para-elegir-el-espacio-de-trabajo-ideal-para-tu-empresa-en-2025\/\" target=\"_blank\">\r\n\t\t\t\tGu\u00eda para elegir el espacio de trabajo ideal para tu empresa en 2025\t\t\t<\/a>\r\n\t\t<\/h1>\r\n\t\t\t\t<div class=\"premium-blog-entry-meta\">\r\n\t\t\t\t\t\t\t<div class=\"premium-blog-post-author premium-blog-meta-data\">\r\n\t\t\t\t\t<i class=\"fa fa-user fa-fw\" aria-hidden=\"true\"><\/i>\r\n\t\t\t\t\t<a href=\"https:\/\/aldea.work\/en\/author\/aldea\/\" title=\"Posts by admin\" rel=\"author\">admin<\/a>\t\t\t\t<\/div>\r\n\t\t\t\r\n\t\t\t\t\t\t\t<span class=\"premium-blog-meta-separator\">\u2022<\/span>\r\n\t\t\t\t<div class=\"premium-blog-post-time premium-blog-meta-data\">\r\n\t\t\t\t\t<i class=\"fa fa-calendar-alt\" aria-hidden=\"true\"><\/i>\r\n\t\t\t\t\t<span>February 10, 2026<\/span>\r\n\t\t\t\t<\/div>\r\n\t\t\t\r\n\t\t\t\r\n\t\t\t\t\t<\/div>\r\n\t\t\r\n\t\t\t\t\t<\/div>\r\n\r\n\t\t\t\t\t\t\t\t\t\t\r\n\t\t\t\t<\/div>\r\n\t\t\t<\/div>\r\n\t\t<\/div>\r\n\r\n\t\t\t\t<div class=\"premium-blog-post-outer-container\" data-total=\"2\">\r\n\t\t\t<div class=\"premium-blog-post-container premium-blog-skin-banner\">\r\n\t\t\t\t\t\t\t\t\t<div class=\"premium-blog-thumb-effect-wrapper\">\r\n\t\t\t\t\t\t<div class=\"premium-blog-thumbnail-container premium-blog-zoomout-effect\">\r\n\t\t\t\t\t\t\t<img decoding=\"async\" width=\"1200\" height=\"676\" src=\"https:\/\/aldea.work\/wp-content\/uploads\/2025\/11\/Diseno-de-oficinas.webp\" class=\"attachment-full size-full wp-image-13933\" alt=\"\" srcset=\"https:\/\/aldea.work\/wp-content\/uploads\/2025\/11\/Diseno-de-oficinas.webp 1200w, https:\/\/aldea.work\/wp-content\/uploads\/2025\/11\/Diseno-de-oficinas-300x169.webp 300w, https:\/\/aldea.work\/wp-content\/uploads\/2025\/11\/Diseno-de-oficinas-1024x577.webp 1024w, https:\/\/aldea.work\/wp-content\/uploads\/2025\/11\/Diseno-de-oficinas-768x433.webp 768w, https:\/\/aldea.work\/wp-content\/uploads\/2025\/11\/Diseno-de-oficinas-18x10.webp 18w\" sizes=\"(max-width: 1200px) 100vw, 1200px\" \/>\t\t\t\t\t\t<\/div>\r\n\t\t\t\t\t\t\t\t\t\t\t\t\t<div class=\"premium-blog-thumbnail-overlay\">\r\n\t\t\t\t\t\t\t\t<a class=\"elementor-icon\" href=\"https:\/\/aldea.work\/en\/diseno-de-oficinas-que-inspiran-claves-para-tu-espacio-de-trabajo\/\" target=\"_blank\"><\/a>\r\n\t\t\t\t\t\t\t<\/div>\r\n\r\n\t\t\t\t\t\t\t\t\t\t\t\t\t\t\t\t\t\t<\/div>\r\n\t\t\t\t\t\t\t\t\t\t\t\t<div class=\"premium-blog-content-wrapper\">\r\n\r\n\t\t\t\t\t<div class=\"premium-blog-inner-container\">\r\n\r\n\t\t\t\t\t\t\t\t\t\t\t\t\t\t<h1 class=\"premium-blog-entry-title\">\r\n\t\t\t<a href=\"https:\/\/aldea.work\/en\/diseno-de-oficinas-que-inspiran-claves-para-tu-espacio-de-trabajo\/\" target=\"_blank\">\r\n\t\t\t\tDise\u00f1o de oficinas que inspiran: claves para tu espacio de trabajo\t\t\t<\/a>\r\n\t\t<\/h1>\r\n\t\t\t\t<div class=\"premium-blog-entry-meta\">\r\n\t\t\t\t\t\t\t<div class=\"premium-blog-post-author premium-blog-meta-data\">\r\n\t\t\t\t\t<i class=\"fa fa-user fa-fw\" aria-hidden=\"true\"><\/i>\r\n\t\t\t\t\t<a href=\"https:\/\/aldea.work\/en\/author\/aldea\/\" title=\"Posts by admin\" rel=\"author\">admin<\/a>\t\t\t\t<\/div>\r\n\t\t\t\r\n\t\t\t\t\t\t\t<span class=\"premium-blog-meta-separator\">\u2022<\/span>\r\n\t\t\t\t<div class=\"premium-blog-post-time premium-blog-meta-data\">\r\n\t\t\t\t\t<i class=\"fa fa-calendar-alt\" aria-hidden=\"true\"><\/i>\r\n\t\t\t\t\t<span>November 19, 2025<\/span>\r\n\t\t\t\t<\/div>\r\n\t\t\t\r\n\t\t\t\r\n\t\t\t\t\t<\/div>\r\n\t\t\r\n\t\t\t\t\t<\/div>\r\n\r\n\t\t\t\t\t\t\t\t\t\t\r\n\t\t\t\t<\/div>\r\n\t\t\t<\/div>\r\n\t\t<\/div>\r\n\r\n\t\t\t\t<div class=\"premium-blog-post-outer-container\" data-total=\"2\">\r\n\t\t\t<div class=\"premium-blog-post-container premium-blog-skin-banner\">\r\n\t\t\t\t\t\t\t\t\t<div class=\"premium-blog-thumb-effect-wrapper\">\r\n\t\t\t\t\t\t<div class=\"premium-blog-thumbnail-container premium-blog-zoomout-effect\">\r\n\t\t\t\t\t\t\t<img decoding=\"async\" width=\"1200\" height=\"676\" src=\"https:\/\/aldea.work\/wp-content\/uploads\/2025\/04\/Tendencias-2026-para-espacios-de-trabajo-flexibles-en-Mexico.webp\" class=\"attachment-full size-full wp-image-13923\" alt=\"\" srcset=\"https:\/\/aldea.work\/wp-content\/uploads\/2025\/04\/Tendencias-2026-para-espacios-de-trabajo-flexibles-en-Mexico.webp 1200w, https:\/\/aldea.work\/wp-content\/uploads\/2025\/04\/Tendencias-2026-para-espacios-de-trabajo-flexibles-en-Mexico-300x169.webp 300w, https:\/\/aldea.work\/wp-content\/uploads\/2025\/04\/Tendencias-2026-para-espacios-de-trabajo-flexibles-en-Mexico-1024x577.webp 1024w, https:\/\/aldea.work\/wp-content\/uploads\/2025\/04\/Tendencias-2026-para-espacios-de-trabajo-flexibles-en-Mexico-768x433.webp 768w, https:\/\/aldea.work\/wp-content\/uploads\/2025\/04\/Tendencias-2026-para-espacios-de-trabajo-flexibles-en-Mexico-18x10.webp 18w\" sizes=\"(max-width: 1200px) 100vw, 1200px\" \/>\t\t\t\t\t\t<\/div>\r\n\t\t\t\t\t\t\t\t\t\t\t\t\t<div class=\"premium-blog-thumbnail-overlay\">\r\n\t\t\t\t\t\t\t\t<a class=\"elementor-icon\" href=\"https:\/\/aldea.work\/en\/tendencias-2026-para-espacios-de-trabajo-flexibles-en-mexico\/\" target=\"_blank\"><\/a>\r\n\t\t\t\t\t\t\t<\/div>\r\n\r\n\t\t\t\t\t\t\t\t\t\t\t\t\t\t\t\t\t\t<\/div>\r\n\t\t\t\t\t\t\t\t\t\t\t\t<div class=\"premium-blog-content-wrapper\">\r\n\r\n\t\t\t\t\t<div class=\"premium-blog-inner-container\">\r\n\r\n\t\t\t\t\t\t\t\t\t\t\t\t\t\t<h1 class=\"premium-blog-entry-title\">\r\n\t\t\t<a href=\"https:\/\/aldea.work\/en\/tendencias-2026-para-espacios-de-trabajo-flexibles-en-mexico\/\" target=\"_blank\">\r\n\t\t\t\tTendencias 2026 para espacios de trabajo flexibles en M\u00e9xico\t\t\t<\/a>\r\n\t\t<\/h1>\r\n\t\t\t\t<div class=\"premium-blog-entry-meta\">\r\n\t\t\t\t\t\t\t<div class=\"premium-blog-post-author premium-blog-meta-data\">\r\n\t\t\t\t\t<i class=\"fa fa-user fa-fw\" aria-hidden=\"true\"><\/i>\r\n\t\t\t\t\t<a href=\"https:\/\/aldea.work\/en\/author\/aldea\/\" title=\"Posts by admin\" rel=\"author\">admin<\/a>\t\t\t\t<\/div>\r\n\t\t\t\r\n\t\t\t\t\t\t\t<span class=\"premium-blog-meta-separator\">\u2022<\/span>\r\n\t\t\t\t<div class=\"premium-blog-post-time premium-blog-meta-data\">\r\n\t\t\t\t\t<i class=\"fa fa-calendar-alt\" aria-hidden=\"true\"><\/i>\r\n\t\t\t\t\t<span>November 13, 2025<\/span>\r\n\t\t\t\t<\/div>\r\n\t\t\t\r\n\t\t\t\r\n\t\t\t\t\t<\/div>\r\n\t\t\r\n\t\t\t\t\t<\/div>\r\n\r\n\t\t\t\t\t\t\t\t\t\t\r\n\t\t\t\t<\/div>\r\n\t\t\t<\/div>\r\n\t\t<\/div>\r\n\r\n\t\t\t\t<div class=\"premium-blog-post-outer-container\" data-total=\"2\">\r\n\t\t\t<div class=\"premium-blog-post-container premium-blog-skin-banner\">\r\n\t\t\t\t\t\t\t\t\t<div class=\"premium-blog-thumb-effect-wrapper\">\r\n\t\t\t\t\t\t<div class=\"premium-blog-thumbnail-container premium-blog-zoomout-effect\">\r\n\t\t\t\t\t\t\t<img loading=\"lazy\" decoding=\"async\" width=\"1200\" height=\"676\" src=\"https:\/\/aldea.work\/wp-content\/uploads\/2025\/04\/Como-elegir-oficinas-en-renta.webp\" class=\"attachment-full size-full wp-image-13922\" alt=\"\" srcset=\"https:\/\/aldea.work\/wp-content\/uploads\/2025\/04\/Como-elegir-oficinas-en-renta.webp 1200w, https:\/\/aldea.work\/wp-content\/uploads\/2025\/04\/Como-elegir-oficinas-en-renta-300x169.webp 300w, https:\/\/aldea.work\/wp-content\/uploads\/2025\/04\/Como-elegir-oficinas-en-renta-1024x577.webp 1024w, https:\/\/aldea.work\/wp-content\/uploads\/2025\/04\/Como-elegir-oficinas-en-renta-768x433.webp 768w, https:\/\/aldea.work\/wp-content\/uploads\/2025\/04\/Como-elegir-oficinas-en-renta-18x10.webp 18w\" sizes=\"(max-width: 1200px) 100vw, 1200px\" \/>\t\t\t\t\t\t<\/div>\r\n\t\t\t\t\t\t\t\t\t\t\t\t\t<div class=\"premium-blog-thumbnail-overlay\">\r\n\t\t\t\t\t\t\t\t<a class=\"elementor-icon\" href=\"https:\/\/aldea.work\/en\/como-elegir-oficinas-en-renta-flexibles-en-el-bajio\/\" target=\"_blank\"><\/a>\r\n\t\t\t\t\t\t\t<\/div>\r\n\r\n\t\t\t\t\t\t\t\t\t\t\t\t\t\t\t\t\t\t<\/div>\r\n\t\t\t\t\t\t\t\t\t\t\t\t<div class=\"premium-blog-content-wrapper\">\r\n\r\n\t\t\t\t\t<div class=\"premium-blog-inner-container\">\r\n\r\n\t\t\t\t\t\t\t\t\t\t\t\t\t\t<h1 class=\"premium-blog-entry-title\">\r\n\t\t\t<a href=\"https:\/\/aldea.work\/en\/como-elegir-oficinas-en-renta-flexibles-en-el-bajio\/\" target=\"_blank\">\r\n\t\t\t\tC\u00f3mo elegir oficinas en renta flexibles en el Baj\u00edo\t\t\t<\/a>\r\n\t\t<\/h1>\r\n\t\t\t\t<div class=\"premium-blog-entry-meta\">\r\n\t\t\t\t\t\t\t<div class=\"premium-blog-post-author premium-blog-meta-data\">\r\n\t\t\t\t\t<i class=\"fa fa-user fa-fw\" aria-hidden=\"true\"><\/i>\r\n\t\t\t\t\t<a href=\"https:\/\/aldea.work\/en\/author\/aldea\/\" title=\"Posts by admin\" rel=\"author\">admin<\/a>\t\t\t\t<\/div>\r\n\t\t\t\r\n\t\t\t\t\t\t\t<span class=\"premium-blog-meta-separator\">\u2022<\/span>\r\n\t\t\t\t<div class=\"premium-blog-post-time premium-blog-meta-data\">\r\n\t\t\t\t\t<i class=\"fa fa-calendar-alt\" aria-hidden=\"true\"><\/i>\r\n\t\t\t\t\t<span>November 7, 2025<\/span>\r\n\t\t\t\t<\/div>\r\n\t\t\t\r\n\t\t\t\r\n\t\t\t\t\t<\/div>\r\n\t\t\r\n\t\t\t\t\t<\/div>\r\n\r\n\t\t\t\t\t\t\t\t\t\t\r\n\t\t\t\t<\/div>\r\n\t\t\t<\/div>\r\n\t\t<\/div>\r\n\r\n\t\t\t\t<div class=\"premium-blog-post-outer-container\" data-total=\"2\">\r\n\t\t\t<div class=\"premium-blog-post-container premium-blog-skin-banner\">\r\n\t\t\t\t\t\t\t\t\t<div class=\"premium-blog-thumb-effect-wrapper\">\r\n\t\t\t\t\t\t<div class=\"premium-blog-thumbnail-container premium-blog-zoomout-effect\">\r\n\t\t\t\t\t\t\t<img loading=\"lazy\" decoding=\"async\" width=\"1200\" height=\"676\" src=\"https:\/\/aldea.work\/wp-content\/uploads\/2025\/04\/Ventajas-de-trabajar-en-un-cowork-ags.webp\" class=\"attachment-full size-full wp-image-13921\" alt=\"\" srcset=\"https:\/\/aldea.work\/wp-content\/uploads\/2025\/04\/Ventajas-de-trabajar-en-un-cowork-ags.webp 1200w, https:\/\/aldea.work\/wp-content\/uploads\/2025\/04\/Ventajas-de-trabajar-en-un-cowork-ags-300x169.webp 300w, https:\/\/aldea.work\/wp-content\/uploads\/2025\/04\/Ventajas-de-trabajar-en-un-cowork-ags-1024x577.webp 1024w, https:\/\/aldea.work\/wp-content\/uploads\/2025\/04\/Ventajas-de-trabajar-en-un-cowork-ags-768x433.webp 768w, https:\/\/aldea.work\/wp-content\/uploads\/2025\/04\/Ventajas-de-trabajar-en-un-cowork-ags-18x10.webp 18w\" sizes=\"(max-width: 1200px) 100vw, 1200px\" \/>\t\t\t\t\t\t<\/div>\r\n\t\t\t\t\t\t\t\t\t\t\t\t\t<div class=\"premium-blog-thumbnail-overlay\">\r\n\t\t\t\t\t\t\t\t<a class=\"elementor-icon\" href=\"https:\/\/aldea.work\/en\/entorno-colaborativo\/\" target=\"_blank\"><\/a>\r\n\t\t\t\t\t\t\t<\/div>\r\n\r\n\t\t\t\t\t\t\t\t\t\t\t\t\t\t\t\t\t\t<\/div>\r\n\t\t\t\t\t\t\t\t\t\t\t\t<div class=\"premium-blog-content-wrapper\">\r\n\r\n\t\t\t\t\t<div class=\"premium-blog-inner-container\">\r\n\r\n\t\t\t\t\t\t\t\t\t\t\t\t\t\t<h1 class=\"premium-blog-entry-title\">\r\n\t\t\t<a href=\"https:\/\/aldea.work\/en\/entorno-colaborativo\/\" target=\"_blank\">\r\n\t\t\t\tVentajas de trabajar en un entorno colaborativo: La experiencia Aldea Work Aguascalientes\t\t\t<\/a>\r\n\t\t<\/h1>\r\n\t\t\t\t<div class=\"premium-blog-entry-meta\">\r\n\t\t\t\t\t\t\t<div class=\"premium-blog-post-author premium-blog-meta-data\">\r\n\t\t\t\t\t<i class=\"fa fa-user fa-fw\" aria-hidden=\"true\"><\/i>\r\n\t\t\t\t\t<a href=\"https:\/\/aldea.work\/en\/author\/gerardo-carrera90\/\" title=\"Posts by Gerardo Carrera\" rel=\"author\">Gerardo Carrera<\/a>\t\t\t\t<\/div>\r\n\t\t\t\r\n\t\t\t\t\t\t\t<span class=\"premium-blog-meta-separator\">\u2022<\/span>\r\n\t\t\t\t<div class=\"premium-blog-post-time premium-blog-meta-data\">\r\n\t\t\t\t\t<i class=\"fa fa-calendar-alt\" aria-hidden=\"true\"><\/i>\r\n\t\t\t\t\t<span>August 8, 2025<\/span>\r\n\t\t\t\t<\/div>\r\n\t\t\t\r\n\t\t\t\r\n\t\t\t\t\t<\/div>\r\n\t\t\r\n\t\t\t\t\t<\/div>\r\n\r\n\t\t\t\t\t\t\t\t\t\t\r\n\t\t\t\t<\/div>\r\n\t\t\t<\/div>\r\n\t\t<\/div>\r\n\r\n\t\t\t\t<div class=\"premium-blog-post-outer-container\" data-total=\"2\">\r\n\t\t\t<div class=\"premium-blog-post-container premium-blog-skin-banner\">\r\n\t\t\t\t\t\t\t\t\t<div class=\"premium-blog-thumb-effect-wrapper\">\r\n\t\t\t\t\t\t<div class=\"premium-blog-thumbnail-container premium-blog-zoomout-effect\">\r\n\t\t\t\t\t\t\t<img loading=\"lazy\" decoding=\"async\" width=\"1200\" height=\"676\" src=\"https:\/\/aldea.work\/wp-content\/uploads\/2025\/07\/1-2-e1756141254159.webp\" class=\"attachment-full size-full wp-image-11490\" alt=\"\" srcset=\"https:\/\/aldea.work\/wp-content\/uploads\/2025\/07\/1-2-e1756141254159.webp 1200w, https:\/\/aldea.work\/wp-content\/uploads\/2025\/07\/1-2-e1756141254159-300x169.webp 300w, https:\/\/aldea.work\/wp-content\/uploads\/2025\/07\/1-2-e1756141254159-1024x577.webp 1024w, https:\/\/aldea.work\/wp-content\/uploads\/2025\/07\/1-2-e1756141254159-768x433.webp 768w, https:\/\/aldea.work\/wp-content\/uploads\/2025\/07\/1-2-e1756141254159-18x10.webp 18w\" sizes=\"(max-width: 1200px) 100vw, 1200px\" \/>\t\t\t\t\t\t<\/div>\r\n\t\t\t\t\t\t\t\t\t\t\t\t\t<div class=\"premium-blog-thumbnail-overlay\">\r\n\t\t\t\t\t\t\t\t<a class=\"elementor-icon\" href=\"https:\/\/aldea.work\/en\/nomada-mexico\/\" target=\"_blank\"><\/a>\r\n\t\t\t\t\t\t\t<\/div>\r\n\r\n\t\t\t\t\t\t\t\t\t\t\t\t\t\t\t\t\t\t<\/div>\r\n\t\t\t\t\t\t\t\t\t\t\t\t<div class=\"premium-blog-content-wrapper\">\r\n\r\n\t\t\t\t\t<div class=\"premium-blog-inner-container\">\r\n\r\n\t\t\t\t\t\t\t\t\t\t\t\t\t\t<h1 class=\"premium-blog-entry-title\">\r\n\t\t\t<a href=\"https:\/\/aldea.work\/en\/nomada-mexico\/\" target=\"_blank\">\r\n\t\t\t\tN\u00f3mada digital en M\u00e9xico &#8211; Todo lo que necesitas saber\t\t\t<\/a>\r\n\t\t<\/h1>\r\n\t\t\t\t<div class=\"premium-blog-entry-meta\">\r\n\t\t\t\t\t\t\t<div class=\"premium-blog-post-author premium-blog-meta-data\">\r\n\t\t\t\t\t<i class=\"fa fa-user fa-fw\" aria-hidden=\"true\"><\/i>\r\n\t\t\t\t\t<a href=\"https:\/\/aldea.work\/en\/author\/gerardo-carrera90\/\" title=\"Posts by Gerardo Carrera\" rel=\"author\">Gerardo Carrera<\/a>\t\t\t\t<\/div>\r\n\t\t\t\r\n\t\t\t\t\t\t\t<span class=\"premium-blog-meta-separator\">\u2022<\/span>\r\n\t\t\t\t<div class=\"premium-blog-post-time premium-blog-meta-data\">\r\n\t\t\t\t\t<i class=\"fa fa-calendar-alt\" aria-hidden=\"true\"><\/i>\r\n\t\t\t\t\t<span>August 8, 2025<\/span>\r\n\t\t\t\t<\/div>\r\n\t\t\t\r\n\t\t\t\r\n\t\t\t\t\t<\/div>\r\n\t\t\r\n\t\t\t\t\t<\/div>\r\n\r\n\t\t\t\t\t\t\t\t\t\t\r\n\t\t\t\t<\/div>\r\n\t\t\t<\/div>\r\n\t\t<\/div>\r\n\r\n\t\t\t\t<div class=\"premium-blog-post-outer-container\" data-total=\"2\">\r\n\t\t\t<div class=\"premium-blog-post-container premium-blog-skin-banner\">\r\n\t\t\t\t\t\t\t\t\t<div class=\"premium-blog-thumb-effect-wrapper\">\r\n\t\t\t\t\t\t<div class=\"premium-blog-thumbnail-container premium-blog-zoomout-effect\">\r\n\t\t\t\t\t\t\t<img loading=\"lazy\" decoding=\"async\" width=\"1920\" height=\"1080\" src=\"https:\/\/aldea.work\/wp-content\/uploads\/2025\/07\/11-5.webp\" class=\"attachment-full size-full wp-image-11557\" alt=\"\" srcset=\"https:\/\/aldea.work\/wp-content\/uploads\/2025\/07\/11-5.webp 1920w, https:\/\/aldea.work\/wp-content\/uploads\/2025\/07\/11-5-300x169.webp 300w, https:\/\/aldea.work\/wp-content\/uploads\/2025\/07\/11-5-1024x576.webp 1024w, https:\/\/aldea.work\/wp-content\/uploads\/2025\/07\/11-5-768x432.webp 768w, https:\/\/aldea.work\/wp-content\/uploads\/2025\/07\/11-5-1536x864.webp 1536w, https:\/\/aldea.work\/wp-content\/uploads\/2025\/07\/11-5-18x10.webp 18w\" sizes=\"(max-width: 1920px) 100vw, 1920px\" \/>\t\t\t\t\t\t<\/div>\r\n\t\t\t\t\t\t\t\t\t\t\t\t\t<div class=\"premium-blog-thumbnail-overlay\">\r\n\t\t\t\t\t\t\t\t<a class=\"elementor-icon\" href=\"https:\/\/aldea.work\/en\/coworking-mexico\/\" target=\"_blank\"><\/a>\r\n\t\t\t\t\t\t\t<\/div>\r\n\r\n\t\t\t\t\t\t\t\t\t\t\t\t\t\t\t\t\t\t<\/div>\r\n\t\t\t\t\t\t\t\t\t\t\t\t<div class=\"premium-blog-content-wrapper\">\r\n\r\n\t\t\t\t\t<div class=\"premium-blog-inner-container\">\r\n\r\n\t\t\t\t\t\t\t\t\t\t\t\t\t\t<h1 class=\"premium-blog-entry-title\">\r\n\t\t\t<a href=\"https:\/\/aldea.work\/en\/coworking-mexico\/\" target=\"_blank\">\r\n\t\t\t\tCoworking M\u00e9xico: Gu\u00eda completa de espacios flexibles en 2025\t\t\t<\/a>\r\n\t\t<\/h1>\r\n\t\t\t\t<div class=\"premium-blog-entry-meta\">\r\n\t\t\t\t\t\t\t<div class=\"premium-blog-post-author premium-blog-meta-data\">\r\n\t\t\t\t\t<i class=\"fa fa-user fa-fw\" aria-hidden=\"true\"><\/i>\r\n\t\t\t\t\t<a href=\"https:\/\/aldea.work\/en\/author\/gerardo-carrera90\/\" title=\"Posts by Gerardo Carrera\" rel=\"author\">Gerardo Carrera<\/a>\t\t\t\t<\/div>\r\n\t\t\t\r\n\t\t\t\t\t\t\t<span class=\"premium-blog-meta-separator\">\u2022<\/span>\r\n\t\t\t\t<div class=\"premium-blog-post-time premium-blog-meta-data\">\r\n\t\t\t\t\t<i class=\"fa fa-calendar-alt\" aria-hidden=\"true\"><\/i>\r\n\t\t\t\t\t<span>August 8, 2025<\/span>\r\n\t\t\t\t<\/div>\r\n\t\t\t\r\n\t\t\t\r\n\t\t\t\t\t<\/div>\r\n\t\t\r\n\t\t\t\t\t<\/div>\r\n\r\n\t\t\t\t\t\t\t\t\t\t\r\n\t\t\t\t<\/div>\r\n\t\t\t<\/div>\r\n\t\t<\/div>\r\n\r\n\t\t\t\t<div class=\"premium-blog-post-outer-container\" data-total=\"2\">\r\n\t\t\t<div class=\"premium-blog-post-container premium-blog-skin-banner\">\r\n\t\t\t\t\t\t\t\t\t<div class=\"premium-blog-thumb-effect-wrapper\">\r\n\t\t\t\t\t\t<div class=\"premium-blog-thumbnail-container premium-blog-zoomout-effect\">\r\n\t\t\t\t\t\t\t<img loading=\"lazy\" decoding=\"async\" width=\"1200\" height=\"676\" src=\"https:\/\/aldea.work\/wp-content\/uploads\/2025\/04\/Los-mejores-coworkings-en-Qro.webp\" class=\"attachment-full size-full wp-image-13920\" alt=\"\" srcset=\"https:\/\/aldea.work\/wp-content\/uploads\/2025\/04\/Los-mejores-coworkings-en-Qro.webp 1200w, https:\/\/aldea.work\/wp-content\/uploads\/2025\/04\/Los-mejores-coworkings-en-Qro-300x169.webp 300w, https:\/\/aldea.work\/wp-content\/uploads\/2025\/04\/Los-mejores-coworkings-en-Qro-1024x577.webp 1024w, https:\/\/aldea.work\/wp-content\/uploads\/2025\/04\/Los-mejores-coworkings-en-Qro-768x433.webp 768w, https:\/\/aldea.work\/wp-content\/uploads\/2025\/04\/Los-mejores-coworkings-en-Qro-18x10.webp 18w\" sizes=\"(max-width: 1200px) 100vw, 1200px\" \/>\t\t\t\t\t\t<\/div>\r\n\t\t\t\t\t\t\t\t\t\t\t\t\t<div class=\"premium-blog-thumbnail-overlay\">\r\n\t\t\t\t\t\t\t\t<a class=\"elementor-icon\" href=\"https:\/\/aldea.work\/en\/coworkings-queretaro\/\" target=\"_blank\"><\/a>\r\n\t\t\t\t\t\t\t<\/div>\r\n\r\n\t\t\t\t\t\t\t\t\t\t\t\t\t\t\t\t\t\t<\/div>\r\n\t\t\t\t\t\t\t\t\t\t\t\t<div class=\"premium-blog-content-wrapper\">\r\n\r\n\t\t\t\t\t<div class=\"premium-blog-inner-container\">\r\n\r\n\t\t\t\t\t\t\t\t\t\t\t\t\t\t<h1 class=\"premium-blog-entry-title\">\r\n\t\t\t<a href=\"https:\/\/aldea.work\/en\/coworkings-queretaro\/\" target=\"_blank\">\r\n\t\t\t\tLos mejores coworkings en Quer\u00e9taro: Gu\u00eda 2025\t\t\t<\/a>\r\n\t\t<\/h1>\r\n\t\t\t\t<div class=\"premium-blog-entry-meta\">\r\n\t\t\t\t\t\t\t<div class=\"premium-blog-post-author premium-blog-meta-data\">\r\n\t\t\t\t\t<i class=\"fa fa-user fa-fw\" aria-hidden=\"true\"><\/i>\r\n\t\t\t\t\t<a href=\"https:\/\/aldea.work\/en\/author\/gerardo-carrera90\/\" title=\"Posts by Gerardo Carrera\" rel=\"author\">Gerardo Carrera<\/a>\t\t\t\t<\/div>\r\n\t\t\t\r\n\t\t\t\t\t\t\t<span class=\"premium-blog-meta-separator\">\u2022<\/span>\r\n\t\t\t\t<div class=\"premium-blog-post-time premium-blog-meta-data\">\r\n\t\t\t\t\t<i class=\"fa fa-calendar-alt\" aria-hidden=\"true\"><\/i>\r\n\t\t\t\t\t<span>August 8, 2025<\/span>\r\n\t\t\t\t<\/div>\r\n\t\t\t\r\n\t\t\t\r\n\t\t\t\t\t<\/div>\r\n\t\t\r\n\t\t\t\t\t<\/div>\r\n\r\n\t\t\t\t\t\t\t\t\t\t\r\n\t\t\t\t<\/div>\r\n\t\t\t<\/div>\r\n\t\t<\/div>\r\n\r\n\t\t\t\t\t\t\t<\/div>\r\n\r\n\t\t\r\n\t\t\r\n\t\t\t\t\t\t<\/div>\n\t\t\t\t<\/div>\n\t\t<div class=\"elementor-element elementor-element-78c2cc1 e-flex e-con-boxed wpr-particle-no wpr-jarallax-no wpr-parallax-no wpr-sticky-section-no e-con e-parent\" data-id=\"78c2cc1\" data-element_type=\"container\" data-e-type=\"container\">\n\t\t\t\t\t<div class=\"e-con-inner\">\n\t\t<div class=\"elementor-element elementor-element-5ee566e e-con-full e-flex wpr-particle-no wpr-jarallax-no wpr-parallax-no wpr-sticky-section-no e-con e-child\" data-id=\"5ee566e\" data-element_type=\"container\" data-e-type=\"container\">\n\t\t\t\t<div class=\"elementor-element elementor-element-d36661a elementor-widget elementor-widget-shortcode\" data-id=\"d36661a\" data-element_type=\"widget\" data-e-type=\"widget\" data-widget_type=\"shortcode.default\">\n\t\t\t\t\t\t\t<div class=\"elementor-shortcode\"><div class=\"asl_w_container asl_w_container_1\" data-id=\"1\" data-instance=\"1\">\n\t<div id='ajaxsearchlite1'\n\t\tdata-id=\"1\"\n\t\tdata-instance=\"1\"\n\t\tclass=\"asl_w asl_m asl_m_1 asl_m_1_1\">\n\t\t<div class=\"probox\">\n\n\t\n\t<div class='prosettings' style='display:none;' data-opened=\"0\">\n\t\t\t\t<div class='innericon'>\n\t\t\t<svg version=\"1.1\" xmlns=\"http:\/\/www.w3.org\/2000\/svg\" xmlns:xlink=\"http:\/\/www.w3.org\/1999\/xlink\" x=\"0px\" y=\"0px\" width=\"22\" height=\"22\" viewbox=\"0 0 512 512\" enable-background=\"new 0 0 512 512\" xml:space=\"preserve\">\n\t\t\t\t\t<polygon transform = \"rotate(90 256 256)\" points=\"142.332,104.886 197.48,50 402.5,256 197.48,462 142.332,407.113 292.727,256 \"\/>\n\t\t\t\t<\/svg>\n\t\t<\/div>\n\t<\/div>\n\n\t\n\t\n\t<div class='proinput'>\n\t\t<form role=\"search\" action='#' autocomplete=\"off\"\n\t\t\t\taria-label=\"Search form\" data-trp-original-action=\"#\">\n\t\t\t<input aria-label=\"Search input\"\n\t\t\t\t\ttype='search' class='orig'\n\t\t\t\t\ttabindex=\"0\"\n\t\t\t\t\tname='phrase'\n\t\t\t\t\tplaceholder='Buscar ... '\n\t\t\t\t\tvalue=''\n\t\t\t\t\tautocomplete=\"off\"\/>\n\t\t\t<input aria-label=\"Search autocomplete\"\n\t\t\t\t\ttype='text'\n\t\t\t\t\tclass='autocomplete'\n\t\t\t\t\ttabindex=\"-1\"\n\t\t\t\t\tname='phrase'\n\t\t\t\t\tvalue=''\n\t\t\t\t\tautocomplete=\"off\" disabled>\n\t\t\t<input type='submit' value=\"Start search\" style='width:0; height: 0; visibility: hidden;'>\n\t\t<input type=\"hidden\" name=\"trp-form-language\" value=\"en\"\/><\/form>\n\t<\/div>\n\n\t\n\t\n\t<button class='promagnifier' tabindex=\"0\" aria-label=\"Search magnifier\">\n\t\t\t\t<span class='innericon' style=\"display:block;\">\n\t\t\t<svg version=\"1.1\" xmlns=\"http:\/\/www.w3.org\/2000\/svg\" xmlns:xlink=\"http:\/\/www.w3.org\/1999\/xlink\" x=\"0px\" y=\"0px\" width=\"22\" height=\"22\" viewbox=\"0 0 512 512\" enable-background=\"new 0 0 512 512\" xml:space=\"preserve\">\n\t\t\t\t\t<path d=\"M460.355,421.59L353.844,315.078c20.041-27.553,31.885-61.437,31.885-98.037\t\t\t\t\t\tC385.729,124.934,310.793,50,218.686,50C126.58,50,51.645,124.934,51.645,217.041c0,92.106,74.936,167.041,167.041,167.041\t\t\t\t\t\tc34.912,0,67.352-10.773,94.184-29.158L419.945,462L460.355,421.59z M100.631,217.041c0-65.096,52.959-118.056,118.055-118.056\t\t\t\t\t\tc65.098,0,118.057,52.959,118.057,118.056c0,65.096-52.959,118.056-118.057,118.056C153.59,335.097,100.631,282.137,100.631,217.041\t\t\t\t\t\tz\"\/>\n\t\t\t\t<\/svg>\n\t\t<\/span>\n\t<\/button>\n\n\t\n\t\n\t<div class='proloading'>\n\n\t\t<div class=\"asl_loader\"><div class=\"asl_loader-inner asl_simple-circle\"><\/div><\/div>\n\n\t\t\t<\/div>\n\n\t\t\t<div class='proclose'>\n\t\t\t<svg version=\"1.1\" xmlns=\"http:\/\/www.w3.org\/2000\/svg\" xmlns:xlink=\"http:\/\/www.w3.org\/1999\/xlink\" x=\"0px\"\n\t\t\t\ty=\"0px\"\n\t\t\t\twidth=\"12\" height=\"12\" viewbox=\"0 0 512 512\" enable-background=\"new 0 0 512 512\"\n\t\t\t\txml:space=\"preserve\">\n\t\t\t\t<polygon points=\"438.393,374.595 319.757,255.977 438.378,137.348 374.595,73.607 255.995,192.225 137.375,73.622 73.607,137.352 192.246,255.983 73.622,374.625 137.352,438.393 256.002,319.734 374.652,438.378 \"\/>\n\t\t\t<\/svg>\n\t\t<\/div>\n\t\n\t\n<\/div>\t<\/div>\n\t<div class='asl_data_container' style=\"display:none !important;\">\n\t\t<div class=\"asl_init_data wpdreams_asl_data_ct\"\n\tstyle=\"display:none !important;\"\n\tid=\"asl_init_id_1\"\n\tdata-asl-id=\"1\"\n\tdata-asl-instance=\"1\"\n\tdata-settings=\"{&quot;homeurl&quot;:&quot;https:\\\/\\\/aldea.work\\\/en\\\/&quot;,&quot;resultstype&quot;:&quot;vertical&quot;,&quot;resultsposition&quot;:&quot;hover&quot;,&quot;itemscount&quot;:4,&quot;charcount&quot;:0,&quot;highlight&quot;:false,&quot;highlightWholewords&quot;:true,&quot;singleHighlight&quot;:false,&quot;scrollToResults&quot;:{&quot;enabled&quot;:false,&quot;offset&quot;:0},&quot;resultareaclickable&quot;:1,&quot;autocomplete&quot;:{&quot;enabled&quot;:true,&quot;lang&quot;:&quot;en&quot;,&quot;trigger_charcount&quot;:0},&quot;mobile&quot;:{&quot;menu_selector&quot;:&quot;#menu-toggle, .menu-toggle&quot;},&quot;trigger&quot;:{&quot;click&quot;:&quot;first_result&quot;,&quot;click_location&quot;:&quot;same&quot;,&quot;update_href&quot;:false,&quot;return&quot;:&quot;first_result&quot;,&quot;return_location&quot;:&quot;same&quot;,&quot;facet&quot;:true,&quot;type&quot;:true,&quot;redirect_url&quot;:&quot;https:\\\/\\\/aldea.work\\\/busqueda\\\/&quot;,&quot;delay&quot;:300},&quot;animations&quot;:{&quot;pc&quot;:{&quot;settings&quot;:{&quot;anim&quot;:&quot;fadedrop&quot;,&quot;dur&quot;:300},&quot;results&quot;:{&quot;anim&quot;:&quot;fadedrop&quot;,&quot;dur&quot;:300},&quot;items&quot;:&quot;voidanim&quot;},&quot;mob&quot;:{&quot;settings&quot;:{&quot;anim&quot;:&quot;fadedrop&quot;,&quot;dur&quot;:300},&quot;results&quot;:{&quot;anim&quot;:&quot;fadedrop&quot;,&quot;dur&quot;:300},&quot;items&quot;:&quot;voidanim&quot;}},&quot;autop&quot;:{&quot;state&quot;:true,&quot;phrase&quot;:&quot;&quot;,&quot;count&quot;:&quot;1&quot;},&quot;resPage&quot;:{&quot;useAjax&quot;:false,&quot;selector&quot;:&quot;#main&quot;,&quot;trigger_type&quot;:true,&quot;trigger_facet&quot;:true,&quot;trigger_magnifier&quot;:false,&quot;trigger_return&quot;:false},&quot;resultsSnapTo&quot;:&quot;left&quot;,&quot;results&quot;:{&quot;width&quot;:&quot;auto&quot;,&quot;width_tablet&quot;:&quot;auto&quot;,&quot;width_phone&quot;:&quot;auto&quot;},&quot;settingsimagepos&quot;:&quot;right&quot;,&quot;closeOnDocClick&quot;:true,&quot;overridewpdefault&quot;:true,&quot;override_method&quot;:&quot;get&quot;}\"><\/div>\n\t<div id=\"asl_hidden_data\">\n\t\t<svg style=\"position:absolute\" height=\"0\" width=\"0\">\n\t\t\t<filter id=\"aslblur\">\n\t\t\t\t<fegaussianblur in=\"SourceGraphic\" stddeviation=\"4\"\/>\n\t\t\t<\/filter>\n\t\t<\/svg>\n\t\t<svg style=\"position:absolute\" height=\"0\" width=\"0\">\n\t\t\t<filter id=\"no_aslblur\"><\/filter>\n\t\t<\/svg>\n\t<\/div>\n\t<\/div>\n\n\t<div id='ajaxsearchliteres1'\n\tclass='vertical wpdreams_asl_results asl_w asl_r asl_r_1 asl_r_1_1'>\n\n\t\n\t<div class=\"results\">\n\n\t\t\n\t\t<div class=\"resdrg\">\n\t\t<\/div>\n\n\t\t\n\t<\/div>\n\n\t\n\t\n<\/div>\n\n\t<div id='__original__ajaxsearchlitesettings1'\n\t\tdata-id=\"1\"\n\t\tclass=\"searchsettings wpdreams_asl_settings asl_w asl_s asl_s_1\">\n\t\t<form name='options'\n\t\taria-label=\"Search settings form\"\n\t\tautocomplete = 'off' action=\"\">\n\n\t\n\t\n\t<input type=\"hidden\" name=\"filters_changed\" style=\"display:none;\" value=\"0\">\n\t<input type=\"hidden\" name=\"filters_initial\" style=\"display:none;\" value=\"1\">\n\n\t<div class=\"asl_option_inner hiddend\">\n\t\t<input type='hidden' name='qtranslate_lang' id='qtranslate_lang'\n\t\t\t\tvalue='0'\/>\n\t<\/div>\n\n\t\n\t\n\t<fieldset class=\"asl_sett_scroll\">\n\t\t<legend style=\"display: none;\">Generic selectors<\/legend>\n\t\t<div class=\"asl_option hiddend\" tabindex=\"0\">\n\t\t\t<div class=\"asl_option_inner\">\n\t\t\t\t<input type=\"checkbox\" value=\"exact\"\n\t\t\t\t\t\taria-label=\"Exact matches only\"\n\t\t\t\t\t\tname=\"asl_gen[]\" \/>\n\t\t\t\t<div class=\"asl_option_checkbox\"><\/div>\n\t\t\t<\/div>\n\t\t\t<div class=\"asl_option_label\">\n\t\t\t\tExact matches only\t\t\t<\/div>\n\t\t<\/div>\n\t\t<div class=\"asl_option hiddend\" tabindex=\"0\">\n\t\t\t<div class=\"asl_option_inner\">\n\t\t\t\t<input type=\"checkbox\" value=\"title\"\n\t\t\t\t\t\taria-label=\"Search in title\"\n\t\t\t\t\t\tname=\"asl_gen[]\"  checked=\"checked\"\/>\n\t\t\t\t<div class=\"asl_option_checkbox\"><\/div>\n\t\t\t<\/div>\n\t\t\t<div class=\"asl_option_label\">\n\t\t\t\tSearch in title\t\t\t<\/div>\n\t\t<\/div>\n\t\t<div class=\"asl_option hiddend\" tabindex=\"0\">\n\t\t\t<div class=\"asl_option_inner\">\n\t\t\t\t<input type=\"checkbox\" value=\"content\"\n\t\t\t\t\t\taria-label=\"Search in content\"\n\t\t\t\t\t\tname=\"asl_gen[]\"  checked=\"checked\"\/>\n\t\t\t\t<div class=\"asl_option_checkbox\"><\/div>\n\t\t\t<\/div>\n\t\t\t<div class=\"asl_option_label\">\n\t\t\t\tSearch in content\t\t\t<\/div>\n\t\t<\/div>\n\t\t<div class=\"asl_option_inner hiddend\">\n\t\t\t<input type=\"checkbox\" value=\"excerpt\"\n\t\t\t\t\taria-label=\"Search in excerpt\"\n\t\t\t\t\tname=\"asl_gen[]\"  checked=\"checked\"\/>\n\t\t\t<div class=\"asl_option_checkbox\"><\/div>\n\t\t<\/div>\n\t<\/fieldset>\n\t<fieldset class=\"asl_sett_scroll\">\n\t\t<legend style=\"display: none;\">Post Type Selectors<\/legend>\n\t\t\t\t\t<div class=\"asl_option_inner hiddend\">\n\t\t\t\t<input type=\"checkbox\" value=\"post\"\n\t\t\t\t\t\taria-label=\"Hidden option, ignore please\"\n\t\t\t\t\t\tname=\"customset[]\" checked=\"checked\"\/>\n\t\t\t<\/div>\n\t\t\t\t<\/fieldset>\n\t<input type=\"hidden\" name=\"trp-form-language\" value=\"en\"\/><\/form>\n\t<\/div>\n<\/div>\n<\/div>\n\t\t\t\t\t\t<\/div>\n\t\t\t\t<\/div>\n\t\t<div class=\"elementor-element elementor-element-477d3d1 e-con-full e-flex wpr-particle-no wpr-jarallax-no wpr-parallax-no wpr-sticky-section-no e-con e-child\" data-id=\"477d3d1\" data-element_type=\"container\" data-e-type=\"container\">\n\t\t<a class=\"elementor-element elementor-element-119167d e-con-full e-flex wpr-particle-no wpr-jarallax-no wpr-parallax-no wpr-sticky-section-no e-con e-child\" data-id=\"119167d\" data-element_type=\"container\" data-e-type=\"container\" href=\"https:\/\/aldea.work\/en\/category\/tu-espacio-de-trabajo\/\">\n\t\t\t\t<div class=\"elementor-element elementor-element-393b0ad elementor-widget elementor-widget-heading\" data-id=\"393b0ad\" data-element_type=\"widget\" data-e-type=\"widget\" data-widget_type=\"heading.default\">\n\t\t\t\t\t<h2 class=\"elementor-heading-title elementor-size-default\">Tu espacio de trabajo<\/h2>\t\t\t\t<\/div>\n\t\t\t\t<\/a>\n\t\t<a class=\"elementor-element elementor-element-38a9862 e-con-full e-flex wpr-particle-no wpr-jarallax-no wpr-parallax-no wpr-sticky-section-no e-con e-child\" data-id=\"38a9862\" data-element_type=\"container\" data-e-type=\"container\" href=\"https:\/\/aldea.work\/en\/category\/mkt-y-ventas\/\">\n\t\t\t\t<div class=\"elementor-element elementor-element-d4305ab elementor-widget elementor-widget-heading\" data-id=\"d4305ab\" data-element_type=\"widget\" data-e-type=\"widget\" data-widget_type=\"heading.default\">\n\t\t\t\t\t<h2 class=\"elementor-heading-title elementor-size-default\">Mkt y ventas<\/h2>\t\t\t\t<\/div>\n\t\t\t\t<\/a>\n\t\t<a class=\"elementor-element elementor-element-45849a8 e-con-full e-flex wpr-particle-no wpr-jarallax-no wpr-parallax-no wpr-sticky-section-no e-con e-child\" data-id=\"45849a8\" data-element_type=\"container\" data-e-type=\"container\" href=\"https:\/\/aldea.work\/en\/category\/liderazgo-humano\/\">\n\t\t\t\t<div class=\"elementor-element elementor-element-737a583 elementor-widget elementor-widget-heading\" data-id=\"737a583\" data-element_type=\"widget\" data-e-type=\"widget\" data-widget_type=\"heading.default\">\n\t\t\t\t\t<h2 class=\"elementor-heading-title elementor-size-default\">Liderazgo humano<\/h2>\t\t\t\t<\/div>\n\t\t\t\t<\/a>\n\t\t<a class=\"elementor-element elementor-element-481decd e-con-full e-flex wpr-particle-no wpr-jarallax-no wpr-parallax-no wpr-sticky-section-no e-con e-child\" data-id=\"481decd\" data-element_type=\"container\" data-e-type=\"container\" href=\"https:\/\/aldea.work\/en\/category\/innovacion-empresarial\/\">\n\t\t\t\t<div class=\"elementor-element elementor-element-5245d8a elementor-widget elementor-widget-heading\" data-id=\"5245d8a\" data-element_type=\"widget\" data-e-type=\"widget\" data-widget_type=\"heading.default\">\n\t\t\t\t\t<h2 class=\"elementor-heading-title elementor-size-default\">Innovaci\u00f3n empresarial<\/h2>\t\t\t\t<\/div>\n\t\t\t\t<\/a>\n\t\t<a class=\"elementor-element elementor-element-e1547f8 e-con-full e-flex wpr-particle-no wpr-jarallax-no wpr-parallax-no wpr-sticky-section-no e-con e-child\" data-id=\"e1547f8\" data-element_type=\"container\" data-e-type=\"container\" href=\"https:\/\/aldea.work\/en\/category\/guia-y-recursos\/\">\n\t\t\t\t<div class=\"elementor-element elementor-element-e497074 elementor-widget elementor-widget-heading\" data-id=\"e497074\" data-element_type=\"widget\" data-e-type=\"widget\" data-widget_type=\"heading.default\">\n\t\t\t\t\t<h2 class=\"elementor-heading-title elementor-size-default\">Gu\u00edas y recursos<\/h2>\t\t\t\t<\/div>\n\t\t\t\t<\/a>\n\t\t<a class=\"elementor-element elementor-element-645e334 e-con-full e-flex wpr-particle-no wpr-jarallax-no wpr-parallax-no wpr-sticky-section-no e-con e-child\" data-id=\"645e334\" data-element_type=\"container\" data-e-type=\"container\" href=\"https:\/\/aldea.work\/en\/category\/casos-y-empresas\/\">\n\t\t\t\t<div class=\"elementor-element elementor-element-cebe72d elementor-widget elementor-widget-heading\" data-id=\"cebe72d\" data-element_type=\"widget\" data-e-type=\"widget\" data-widget_type=\"heading.default\">\n\t\t\t\t\t<h2 class=\"elementor-heading-title elementor-size-default\">Casos y empresas<\/h2>\t\t\t\t<\/div>\n\t\t\t\t<\/a>\n\t\t\t\t<\/div>\n\t\t\t\t\t<\/div>\n\t\t\t\t<\/div>\n\t\t<div class=\"elementor-element elementor-element-06f703c e-flex e-con-boxed wpr-particle-no wpr-jarallax-no wpr-parallax-no wpr-sticky-section-no e-con e-parent\" data-id=\"06f703c\" data-element_type=\"container\" data-e-type=\"container\">\n\t\t\t\t\t<div class=\"e-con-inner\">\n\t\t\t\t<div class=\"elementor-element elementor-element-52298d2 elementor-widget elementor-widget-elementskit-blog-posts\" data-id=\"52298d2\" data-element_type=\"widget\" data-e-type=\"widget\" data-widget_type=\"elementskit-blog-posts.default\">\n\t\t\t\t\t<div class=\"ekit-wid-con\" >        <div id=\"post-items--52298d2\" class=\"row post-items\" data-masonry-config=\"true\">\n                    <div class=\"col-lg-4 col-md-6\">\n\n                                    <div class=\"elementskit-post-image-card\">\n                        <div class=\"elementskit-entry-header\">\n                                                            <a href=\"https:\/\/aldea.work\/en\/como-vender-mas-desde-tu-espacio-de-trabajo-la-ventaja-invisible-del-coworking\/\" class=\"elementskit-entry-thumb\">\n                                    <img decoding=\"async\" src=\"https:\/\/aldea.work\/wp-content\/uploads\/2025\/07\/5-4-e1756141198744-1024x577.webp\" alt=\"C\u00f3mo vender m\u00e1s desde tu espacio de trabajo: la ventaja invisible del coworking\">\n                                <\/a><!-- .elementskit-entry-thumb END -->\n                                                            \n                            \n\t\t\t\t\t\t\t\t\t\t\t\t\t<\/div><!-- .elementskit-entry-header END -->\n\n\t\t\t\t\t\t<div class=\"elementskit-post-body\">\n\t\t\t\t\t\t\t\n\t\t\t\t\t\t\t\t\t\t\t\t\t\t\t\t\t\t\t\t\t\t\t\t\t\n\t\t\t\t\t\t\t\t\n\t\t\t\t\t\t\t\t\t\t\t\t\t\t\t\t\t\t\t\t\t<h2 class=\"entry-title\">\n\t\t\t\t\t<a href=\"https:\/\/aldea.work\/en\/como-vender-mas-desde-tu-espacio-de-trabajo-la-ventaja-invisible-del-coworking\/\">\n\t\t\t\t\t\tC\u00f3mo vender m\u00e1s desde tu espacio de trabajo: la ventaja invisible del coworking\t\t\t\t\t<\/a>\n\t\t\t\t<\/h2>\n\t\t\t\t\t\t\t\t\t\t\t\t\t\t\t\t\t\t\t\t\t\t\t\t\t\t\t\t\t\t\t\t                                                            <div class=\"btn-wraper\">\n                                    \n                                                                            <a class=\"elementskit-btn whitespace--normal\" id=\"\" href=\"https:\/\/aldea.work\/en\/como-vender-mas-desde-tu-espacio-de-trabajo-la-ventaja-invisible-del-coworking\/\">\n                                        \t                                            Ir al articulo                                        <\/a>\n                                                                    <\/div>\n                                                    <\/div><!-- .elementskit-post-body END -->\n                    <\/div>\n                \n            <\/div>\n                    <div class=\"col-lg-4 col-md-6\">\n\n                                    <div class=\"elementskit-post-image-card\">\n                        <div class=\"elementskit-entry-header\">\n                                                            <a href=\"https:\/\/aldea.work\/en\/innovacion-empresarial-en-2025-por-que-el-espacio-de-trabajo-define-el-crecimiento\/\" class=\"elementskit-entry-thumb\">\n                                    <img decoding=\"async\" src=\"https:\/\/aldea.work\/wp-content\/uploads\/2025\/07\/5-4-e1756141198744-1024x577.webp\" alt=\"Innovaci\u00f3n empresarial en 2025: por qu\u00e9 el espacio de trabajo define el crecimiento\">\n                                <\/a><!-- .elementskit-entry-thumb END -->\n                                                            \n                            \n\t\t\t\t\t\t\t\t\t\t\t\t\t<\/div><!-- .elementskit-entry-header END -->\n\n\t\t\t\t\t\t<div class=\"elementskit-post-body\">\n\t\t\t\t\t\t\t\n\t\t\t\t\t\t\t\t\t\t\t\t\t\t\t\t\t\t\t\t\t\t\t\t\t\n\t\t\t\t\t\t\t\t\n\t\t\t\t\t\t\t\t\t\t\t\t\t\t\t\t\t\t\t\t\t<h2 class=\"entry-title\">\n\t\t\t\t\t<a href=\"https:\/\/aldea.work\/en\/innovacion-empresarial-en-2025-por-que-el-espacio-de-trabajo-define-el-crecimiento\/\">\n\t\t\t\t\t\tInnovaci\u00f3n empresarial en 2025: por qu\u00e9 el espacio de trabajo define el crecimiento\t\t\t\t\t<\/a>\n\t\t\t\t<\/h2>\n\t\t\t\t\t\t\t\t\t\t\t\t\t\t\t\t\t\t\t\t\t\t\t\t\t\t\t\t\t\t\t\t                                                            <div class=\"btn-wraper\">\n                                    \n                                                                            <a class=\"elementskit-btn whitespace--normal\" id=\"\" href=\"https:\/\/aldea.work\/en\/innovacion-empresarial-en-2025-por-que-el-espacio-de-trabajo-define-el-crecimiento\/\">\n                                        \t                                            Ir al articulo                                        <\/a>\n                                                                    <\/div>\n                                                    <\/div><!-- .elementskit-post-body END -->\n                    <\/div>\n                \n            <\/div>\n                    <div class=\"col-lg-4 col-md-6\">\n\n                                    <div class=\"elementskit-post-image-card\">\n                        <div class=\"elementskit-entry-header\">\n                                                            <a href=\"https:\/\/aldea.work\/en\/guia-para-elegir-el-espacio-de-trabajo-ideal-para-tu-empresa-en-2025\/\" class=\"elementskit-entry-thumb\">\n                                    <img decoding=\"async\" src=\"https:\/\/aldea.work\/wp-content\/uploads\/2025\/07\/5-4-e1756141198744-1024x577.webp\" alt=\"Gu\u00eda para elegir el espacio de trabajo ideal para tu empresa en 2025\">\n                                <\/a><!-- .elementskit-entry-thumb END -->\n                                                            \n                            \n\t\t\t\t\t\t\t\t\t\t\t\t\t<\/div><!-- .elementskit-entry-header END -->\n\n\t\t\t\t\t\t<div class=\"elementskit-post-body\">\n\t\t\t\t\t\t\t\n\t\t\t\t\t\t\t\t\t\t\t\t\t\t\t\t\t\t\t\t\t\t\t\t\t\n\t\t\t\t\t\t\t\t\n\t\t\t\t\t\t\t\t\t\t\t\t\t\t\t\t\t\t\t\t\t<h2 class=\"entry-title\">\n\t\t\t\t\t<a href=\"https:\/\/aldea.work\/en\/guia-para-elegir-el-espacio-de-trabajo-ideal-para-tu-empresa-en-2025\/\">\n\t\t\t\t\t\tGu\u00eda para elegir el espacio de trabajo ideal para tu empresa en 2025\t\t\t\t\t<\/a>\n\t\t\t\t<\/h2>\n\t\t\t\t\t\t\t\t\t\t\t\t\t\t\t\t\t\t\t\t\t\t\t\t\t\t\t\t\t\t\t\t                                                            <div class=\"btn-wraper\">\n                                    \n                                                                            <a class=\"elementskit-btn whitespace--normal\" id=\"\" href=\"https:\/\/aldea.work\/en\/guia-para-elegir-el-espacio-de-trabajo-ideal-para-tu-empresa-en-2025\/\">\n                                        \t                                            Ir al articulo                                        <\/a>\n                                                                    <\/div>\n                                                    <\/div><!-- .elementskit-post-body END -->\n                    <\/div>\n                \n            <\/div>\n                    <div class=\"col-lg-4 col-md-6\">\n\n                                    <div class=\"elementskit-post-image-card\">\n                        <div class=\"elementskit-entry-header\">\n                                                            <a href=\"https:\/\/aldea.work\/en\/diseno-de-oficinas-que-inspiran-claves-para-tu-espacio-de-trabajo\/\" class=\"elementskit-entry-thumb\">\n                                    <img decoding=\"async\" src=\"https:\/\/aldea.work\/wp-content\/uploads\/2025\/11\/Diseno-de-oficinas-1024x577.webp\" alt=\"Dise\u00f1o de oficinas que inspiran: claves para tu espacio de trabajo\">\n                                <\/a><!-- .elementskit-entry-thumb END -->\n                                                            \n                            \n\t\t\t\t\t\t\t\t\t\t\t\t\t<\/div><!-- .elementskit-entry-header END -->\n\n\t\t\t\t\t\t<div class=\"elementskit-post-body\">\n\t\t\t\t\t\t\t\n\t\t\t\t\t\t\t\t\t\t\t\t\t\t\t\t\t\t\t\t\t\t\t\t\t\n\t\t\t\t\t\t\t\t\n\t\t\t\t\t\t\t\t\t\t\t\t\t\t\t\t\t\t\t\t\t<h2 class=\"entry-title\">\n\t\t\t\t\t<a href=\"https:\/\/aldea.work\/en\/diseno-de-oficinas-que-inspiran-claves-para-tu-espacio-de-trabajo\/\">\n\t\t\t\t\t\tDise\u00f1o de oficinas que inspiran: claves para tu espacio de trabajo\t\t\t\t\t<\/a>\n\t\t\t\t<\/h2>\n\t\t\t\t\t\t\t\t\t\t\t\t\t\t\t\t\t\t\t\t\t\t\t\t\t\t\t\t\t\t\t\t                                                            <div class=\"btn-wraper\">\n                                    \n                                                                            <a class=\"elementskit-btn whitespace--normal\" id=\"\" href=\"https:\/\/aldea.work\/en\/diseno-de-oficinas-que-inspiran-claves-para-tu-espacio-de-trabajo\/\">\n                                        \t                                            Ir al articulo                                        <\/a>\n                                                                    <\/div>\n                                                    <\/div><!-- .elementskit-post-body END -->\n                    <\/div>\n                \n            <\/div>\n                    <div class=\"col-lg-4 col-md-6\">\n\n                                    <div class=\"elementskit-post-image-card\">\n                        <div class=\"elementskit-entry-header\">\n                                                            <a href=\"https:\/\/aldea.work\/en\/tendencias-2026-para-espacios-de-trabajo-flexibles-en-mexico\/\" class=\"elementskit-entry-thumb\">\n                                    <img decoding=\"async\" src=\"https:\/\/aldea.work\/wp-content\/uploads\/2025\/04\/Tendencias-2026-para-espacios-de-trabajo-flexibles-en-Mexico-1024x577.webp\" alt=\"Tendencias 2026 para espacios de trabajo flexibles en M\u00e9xico\">\n                                <\/a><!-- .elementskit-entry-thumb END -->\n                                                            \n                            \n\t\t\t\t\t\t\t\t\t\t\t\t\t<\/div><!-- .elementskit-entry-header END -->\n\n\t\t\t\t\t\t<div class=\"elementskit-post-body\">\n\t\t\t\t\t\t\t\n\t\t\t\t\t\t\t\t\t\t\t\t\t\t\t\t\t\t\t\t\t\t\t\t\t\n\t\t\t\t\t\t\t\t\n\t\t\t\t\t\t\t\t\t\t\t\t\t\t\t\t\t\t\t\t\t<h2 class=\"entry-title\">\n\t\t\t\t\t<a href=\"https:\/\/aldea.work\/en\/tendencias-2026-para-espacios-de-trabajo-flexibles-en-mexico\/\">\n\t\t\t\t\t\tTendencias 2026 para espacios de trabajo flexibles en M\u00e9xico\t\t\t\t\t<\/a>\n\t\t\t\t<\/h2>\n\t\t\t\t\t\t\t\t\t\t\t\t\t\t\t\t\t\t\t\t\t\t\t\t\t\t\t\t\t\t\t\t                                                            <div class=\"btn-wraper\">\n                                    \n                                                                            <a class=\"elementskit-btn whitespace--normal\" id=\"\" href=\"https:\/\/aldea.work\/en\/tendencias-2026-para-espacios-de-trabajo-flexibles-en-mexico\/\">\n                                        \t                                            Ir al articulo                                        <\/a>\n                                                                    <\/div>\n                                                    <\/div><!-- .elementskit-post-body END -->\n                    <\/div>\n                \n            <\/div>\n                    <div class=\"col-lg-4 col-md-6\">\n\n                                    <div class=\"elementskit-post-image-card\">\n                        <div class=\"elementskit-entry-header\">\n                                                            <a href=\"https:\/\/aldea.work\/en\/como-elegir-oficinas-en-renta-flexibles-en-el-bajio\/\" class=\"elementskit-entry-thumb\">\n                                    <img decoding=\"async\" src=\"https:\/\/aldea.work\/wp-content\/uploads\/2025\/04\/Como-elegir-oficinas-en-renta-1024x577.webp\" alt=\"C\u00f3mo elegir oficinas en renta flexibles en el Baj\u00edo\">\n                                <\/a><!-- .elementskit-entry-thumb END -->\n                                                            \n                            \n\t\t\t\t\t\t\t\t\t\t\t\t\t<\/div><!-- .elementskit-entry-header END -->\n\n\t\t\t\t\t\t<div class=\"elementskit-post-body\">\n\t\t\t\t\t\t\t\n\t\t\t\t\t\t\t\t\t\t\t\t\t\t\t\t\t\t\t\t\t\t\t\t\t\n\t\t\t\t\t\t\t\t\n\t\t\t\t\t\t\t\t\t\t\t\t\t\t\t\t\t\t\t\t\t<h2 class=\"entry-title\">\n\t\t\t\t\t<a href=\"https:\/\/aldea.work\/en\/como-elegir-oficinas-en-renta-flexibles-en-el-bajio\/\">\n\t\t\t\t\t\tC\u00f3mo elegir oficinas en renta flexibles en el Baj\u00edo\t\t\t\t\t<\/a>\n\t\t\t\t<\/h2>\n\t\t\t\t\t\t\t\t\t\t\t\t\t\t\t\t\t\t\t\t\t\t\t\t\t\t\t\t\t\t\t\t                                                            <div class=\"btn-wraper\">\n                                    \n                                                                            <a class=\"elementskit-btn whitespace--normal\" id=\"\" href=\"https:\/\/aldea.work\/en\/como-elegir-oficinas-en-renta-flexibles-en-el-bajio\/\">\n                                        \t                                            Ir al articulo                                        <\/a>\n                                                                    <\/div>\n                                                    <\/div><!-- .elementskit-post-body END -->\n                    <\/div>\n                \n            <\/div>\n                    <div class=\"col-lg-4 col-md-6\">\n\n                                    <div class=\"elementskit-post-image-card\">\n                        <div class=\"elementskit-entry-header\">\n                                                            <a href=\"https:\/\/aldea.work\/en\/entorno-colaborativo\/\" class=\"elementskit-entry-thumb\">\n                                    <img decoding=\"async\" src=\"https:\/\/aldea.work\/wp-content\/uploads\/2025\/04\/Ventajas-de-trabajar-en-un-cowork-ags-1024x577.webp\" alt=\"Ventajas de trabajar en un entorno colaborativo: La experiencia Aldea Work Aguascalientes\">\n                                <\/a><!-- .elementskit-entry-thumb END -->\n                                                            \n                            \n\t\t\t\t\t\t\t\t\t\t\t\t\t<\/div><!-- .elementskit-entry-header END -->\n\n\t\t\t\t\t\t<div class=\"elementskit-post-body\">\n\t\t\t\t\t\t\t\n\t\t\t\t\t\t\t\t\t\t\t\t\t\t\t\t\t\t\t\t\t\t\t\t\t\n\t\t\t\t\t\t\t\t\n\t\t\t\t\t\t\t\t\t\t\t\t\t\t\t\t\t\t\t\t\t<h2 class=\"entry-title\">\n\t\t\t\t\t<a href=\"https:\/\/aldea.work\/en\/entorno-colaborativo\/\">\n\t\t\t\t\t\tVentajas de trabajar en un entorno colaborativo: La experiencia Aldea Work Aguascalientes\t\t\t\t\t<\/a>\n\t\t\t\t<\/h2>\n\t\t\t\t\t\t\t\t\t\t\t\t\t\t\t\t\t\t\t\t\t\t\t\t\t\t\t\t\t\t\t\t                                                            <div class=\"btn-wraper\">\n                                    \n                                                                            <a class=\"elementskit-btn whitespace--normal\" id=\"\" href=\"https:\/\/aldea.work\/en\/entorno-colaborativo\/\">\n                                        \t                                            Ir al articulo                                        <\/a>\n                                                                    <\/div>\n                                                    <\/div><!-- .elementskit-post-body END -->\n                    <\/div>\n                \n            <\/div>\n                    <div class=\"col-lg-4 col-md-6\">\n\n                                    <div class=\"elementskit-post-image-card\">\n                        <div class=\"elementskit-entry-header\">\n                                                            <a href=\"https:\/\/aldea.work\/en\/nomada-mexico\/\" class=\"elementskit-entry-thumb\">\n                                    <img decoding=\"async\" src=\"https:\/\/aldea.work\/wp-content\/uploads\/2025\/07\/1-2-e1756141254159-1024x577.webp\" alt=\"N\u00f3mada digital en M\u00e9xico &#8211; Todo lo que necesitas saber\">\n                                <\/a><!-- .elementskit-entry-thumb END -->\n                                                            \n                            \n\t\t\t\t\t\t\t\t\t\t\t\t\t<\/div><!-- .elementskit-entry-header END -->\n\n\t\t\t\t\t\t<div class=\"elementskit-post-body\">\n\t\t\t\t\t\t\t\n\t\t\t\t\t\t\t\t\t\t\t\t\t\t\t\t\t\t\t\t\t\t\t\t\t\n\t\t\t\t\t\t\t\t\n\t\t\t\t\t\t\t\t\t\t\t\t\t\t\t\t\t\t\t\t\t<h2 class=\"entry-title\">\n\t\t\t\t\t<a href=\"https:\/\/aldea.work\/en\/nomada-mexico\/\">\n\t\t\t\t\t\tN\u00f3mada digital en M\u00e9xico &#8211; Todo lo que necesitas saber\t\t\t\t\t<\/a>\n\t\t\t\t<\/h2>\n\t\t\t\t\t\t\t\t\t\t\t\t\t\t\t\t\t\t\t\t\t\t\t\t\t\t\t\t\t\t\t\t                                                            <div class=\"btn-wraper\">\n                                    \n                                                                            <a class=\"elementskit-btn whitespace--normal\" id=\"\" href=\"https:\/\/aldea.work\/en\/nomada-mexico\/\">\n                                        \t                                            Ir al articulo                                        <\/a>\n                                                                    <\/div>\n                                                    <\/div><!-- .elementskit-post-body END -->\n                    <\/div>\n                \n            <\/div>\n                    <div class=\"col-lg-4 col-md-6\">\n\n                                    <div class=\"elementskit-post-image-card\">\n                        <div class=\"elementskit-entry-header\">\n                                                            <a href=\"https:\/\/aldea.work\/en\/coworking-mexico\/\" class=\"elementskit-entry-thumb\">\n                                    <img decoding=\"async\" src=\"https:\/\/aldea.work\/wp-content\/uploads\/2025\/07\/11-5-1024x576.webp\" alt=\"Coworking M\u00e9xico: Gu\u00eda completa de espacios flexibles en 2025\">\n                                <\/a><!-- .elementskit-entry-thumb END -->\n                                                            \n                            \n\t\t\t\t\t\t\t\t\t\t\t\t\t<\/div><!-- .elementskit-entry-header END -->\n\n\t\t\t\t\t\t<div class=\"elementskit-post-body\">\n\t\t\t\t\t\t\t\n\t\t\t\t\t\t\t\t\t\t\t\t\t\t\t\t\t\t\t\t\t\t\t\t\t\n\t\t\t\t\t\t\t\t\n\t\t\t\t\t\t\t\t\t\t\t\t\t\t\t\t\t\t\t\t\t<h2 class=\"entry-title\">\n\t\t\t\t\t<a href=\"https:\/\/aldea.work\/en\/coworking-mexico\/\">\n\t\t\t\t\t\tCoworking M\u00e9xico: Gu\u00eda completa de espacios flexibles en 2025\t\t\t\t\t<\/a>\n\t\t\t\t<\/h2>\n\t\t\t\t\t\t\t\t\t\t\t\t\t\t\t\t\t\t\t\t\t\t\t\t\t\t\t\t\t\t\t\t                                                            <div class=\"btn-wraper\">\n                                    \n                                                                            <a class=\"elementskit-btn whitespace--normal\" id=\"\" href=\"https:\/\/aldea.work\/en\/coworking-mexico\/\">\n                                        \t                                            Ir al articulo                                        <\/a>\n                                                                    <\/div>\n                                                    <\/div><!-- .elementskit-post-body END -->\n                    <\/div>\n                \n            <\/div>\n                    <div class=\"col-lg-4 col-md-6\">\n\n                                    <div class=\"elementskit-post-image-card\">\n                        <div class=\"elementskit-entry-header\">\n                                                            <a href=\"https:\/\/aldea.work\/en\/coworkings-queretaro\/\" class=\"elementskit-entry-thumb\">\n                                    <img decoding=\"async\" src=\"https:\/\/aldea.work\/wp-content\/uploads\/2025\/04\/Los-mejores-coworkings-en-Qro-1024x577.webp\" alt=\"Los mejores coworkings en Quer\u00e9taro: Gu\u00eda 2025\">\n                                <\/a><!-- .elementskit-entry-thumb END -->\n                                                            \n                            \n\t\t\t\t\t\t\t\t\t\t\t\t\t<\/div><!-- .elementskit-entry-header END -->\n\n\t\t\t\t\t\t<div class=\"elementskit-post-body\">\n\t\t\t\t\t\t\t\n\t\t\t\t\t\t\t\t\t\t\t\t\t\t\t\t\t\t\t\t\t\t\t\t\t\n\t\t\t\t\t\t\t\t\n\t\t\t\t\t\t\t\t\t\t\t\t\t\t\t\t\t\t\t\t\t<h2 class=\"entry-title\">\n\t\t\t\t\t<a href=\"https:\/\/aldea.work\/en\/coworkings-queretaro\/\">\n\t\t\t\t\t\tLos mejores coworkings en Quer\u00e9taro: Gu\u00eda 2025\t\t\t\t\t<\/a>\n\t\t\t\t<\/h2>\n\t\t\t\t\t\t\t\t\t\t\t\t\t\t\t\t\t\t\t\t\t\t\t\t\t\t\t\t\t\t\t\t                                                            <div class=\"btn-wraper\">\n                                    \n                                                                            <a class=\"elementskit-btn whitespace--normal\" id=\"\" href=\"https:\/\/aldea.work\/en\/coworkings-queretaro\/\">\n                                        \t                                            Ir al articulo                                        <\/a>\n                                                                    <\/div>\n                                                    <\/div><!-- .elementskit-post-body END -->\n                    <\/div>\n                \n            <\/div>\n                    <div class=\"col-lg-4 col-md-6\">\n\n                                    <div class=\"elementskit-post-image-card\">\n                        <div class=\"elementskit-entry-header\">\n                                                            <a href=\"https:\/\/aldea.work\/en\/blog-2\/\" class=\"elementskit-entry-thumb\">\n                                    <img decoding=\"async\" src=\"https:\/\/aldea.work\/wp-content\/uploads\/2025\/04\/3-tendencias-1024x577.webp\" alt=\"3 tendencias que est\u00e1n cambiando la forma de trabajar.\">\n                                <\/a><!-- .elementskit-entry-thumb END -->\n                                                            \n                            \n\t\t\t\t\t\t\t\t\t\t\t\t\t<\/div><!-- .elementskit-entry-header END -->\n\n\t\t\t\t\t\t<div class=\"elementskit-post-body\">\n\t\t\t\t\t\t\t\n\t\t\t\t\t\t\t\t\t\t\t\t\t\t\t\t\t\t\t\t\t\t\t\t\t\n\t\t\t\t\t\t\t\t\n\t\t\t\t\t\t\t\t\t\t\t\t\t\t\t\t\t\t\t\t\t<h2 class=\"entry-title\">\n\t\t\t\t\t<a href=\"https:\/\/aldea.work\/en\/blog-2\/\">\n\t\t\t\t\t\t3 tendencias que est\u00e1n cambiando la forma de trabajar.\t\t\t\t\t<\/a>\n\t\t\t\t<\/h2>\n\t\t\t\t\t\t\t\t\t\t\t\t\t\t\t\t\t\t\t\t\t\t\t\t\t\t\t\t\t\t\t\t                                                            <div class=\"btn-wraper\">\n                                    \n                                                                            <a class=\"elementskit-btn whitespace--normal\" id=\"\" href=\"https:\/\/aldea.work\/en\/blog-2\/\">\n                                        \t                                            Ir al articulo                                        <\/a>\n                                                                    <\/div>\n                                                    <\/div><!-- .elementskit-post-body END -->\n                    <\/div>\n                \n            <\/div>\n                <\/div>\n       <\/div>\t\t\t\t<\/div>\n\t\t\t\t\t<\/div>\n\t\t\t\t<\/div>\n\t\t\t\t<\/div>","protected":false},"excerpt":{"rendered":"<p>Dise\u00f1o de oficinas que inspiran: claves para tu espacio de trabajo admin \u2022 noviembre 19, 2025 Tendencias 2026 para espacios de trabajo flexibles en M\u00e9xico admin \u2022 noviembre 13, 2025 C\u00f3mo elegir oficinas en renta flexibles en el Baj\u00edo admin \u2022 noviembre 7, 2025 Ventajas de trabajar en un entorno colaborativo: La experiencia Aldea Work Aguascalientes Gerardo Carrera \u2022 agosto 8, 2025 N\u00f3mada digital en M\u00e9xico &#8211; Todo lo que necesitas saber Gerardo Carrera \u2022 agosto 8, 2025 Coworking M\u00e9xico: Gu\u00eda completa de espacios flexibles en 2025 Gerardo Carrera \u2022 agosto 8, 2025 Los mejores coworkings en Quer\u00e9taro: Gu\u00eda 2025 Gerardo Carrera \u2022 agosto 8, 2025 3 tendencias que est\u00e1n cambiando la forma de trabajar. admin \u2022 abril 7, 2025 Tu espacio de trabajo Mkt y ventas Liderazgo humano Innovaci\u00f3n empresarial Gu\u00edas y recursos Casos y empresas Dise\u00f1o de oficinas que inspiran: claves para tu espacio de trabajo Ir al articulo Tendencias 2026 para espacios de trabajo flexibles en M\u00e9xico Ir al articulo C\u00f3mo elegir oficinas en renta flexibles en el Baj\u00edo Ir al articulo Ventajas de trabajar en un entorno colaborativo: La experiencia Aldea Work Aguascalientes Ir al articulo N\u00f3mada digital en M\u00e9xico &#8211; Todo lo que necesitas saber Ir al articulo Coworking M\u00e9xico: Gu\u00eda completa de espacios flexibles en 2025 Ir al articulo Los mejores coworkings en Quer\u00e9taro: Gu\u00eda 2025 Ir al articulo 3 tendencias que est\u00e1n cambiando la forma de trabajar. Ir al articulo<\/p>","protected":false},"author":1,"featured_media":0,"parent":0,"menu_order":0,"comment_status":"closed","ping_status":"closed","template":"elementor_header_footer","meta":{"_acf_changed":false,"_joinchat":[],"footnotes":""},"class_list":["post-2975","page","type-page","status-publish","hentry"],"yoast_head":"<!-- This site is optimized with the Yoast SEO plugin v26.9 - https:\/\/yoast.com\/product\/yoast-seo-wordpress\/ -->\n<title>Blog - Aldea<\/title>\n<meta name=\"description\" content=\"Enterate de nuevas actualizaciones y notas interesantes sobre Coworking\" \/>\n<meta name=\"robots\" content=\"index, follow, max-snippet:-1, max-image-preview:large, max-video-preview:-1\" \/>\n<link rel=\"canonical\" href=\"https:\/\/aldea.work\/en\/blog\/\" \/>\n<meta property=\"og:locale\" content=\"en_US\" \/>\n<meta property=\"og:type\" content=\"article\" \/>\n<meta property=\"og:title\" content=\"Blog - Aldea\" \/>\n<meta property=\"og:description\" content=\"Enterate de nuevas actualizaciones y notas interesantes sobre Coworking\" \/>\n<meta property=\"og:url\" content=\"https:\/\/aldea.work\/en\/blog\/\" \/>\n<meta property=\"og:site_name\" content=\"Aldea\" \/>\n<meta property=\"article:modified_time\" content=\"2026-02-04T16:47:39+00:00\" \/>\n<meta property=\"og:image\" content=\"https:\/\/aldea.work\/wp-content\/uploads\/2025\/11\/Diseno-de-oficinas.webp\" \/>\n\t<meta property=\"og:image:width\" content=\"1200\" \/>\n\t<meta property=\"og:image:height\" content=\"676\" \/>\n\t<meta property=\"og:image:type\" content=\"image\/webp\" \/>\n<meta name=\"twitter:card\" content=\"summary_large_image\" \/>\n<meta name=\"twitter:label1\" content=\"Est. reading time\" \/>\n\t<meta name=\"twitter:data1\" content=\"5 minutes\" \/>\n<script type=\"application\/ld+json\" class=\"yoast-schema-graph\">{\"@context\":\"https:\/\/schema.org\",\"@graph\":[{\"@type\":\"WebPage\",\"@id\":\"https:\/\/aldea.work\/blog\/\",\"url\":\"https:\/\/aldea.work\/blog\/\",\"name\":\"Blog - Aldea\",\"isPartOf\":{\"@id\":\"https:\/\/aldea.work\/#website\"},\"primaryImageOfPage\":{\"@id\":\"https:\/\/aldea.work\/blog\/#primaryimage\"},\"image\":{\"@id\":\"https:\/\/aldea.work\/blog\/#primaryimage\"},\"thumbnailUrl\":\"https:\/\/aldea.work\/wp-content\/uploads\/2025\/11\/Diseno-de-oficinas.webp\",\"datePublished\":\"2025-05-21T14:50:22+00:00\",\"dateModified\":\"2026-02-04T16:47:39+00:00\",\"description\":\"Enterate de nuevas actualizaciones y notas interesantes sobre Coworking\",\"breadcrumb\":{\"@id\":\"https:\/\/aldea.work\/blog\/#breadcrumb\"},\"inLanguage\":\"en-US\",\"potentialAction\":[{\"@type\":\"ReadAction\",\"target\":[\"https:\/\/aldea.work\/blog\/\"]}]},{\"@type\":\"ImageObject\",\"inLanguage\":\"en-US\",\"@id\":\"https:\/\/aldea.work\/blog\/#primaryimage\",\"url\":\"https:\/\/aldea.work\/wp-content\/uploads\/2025\/11\/Diseno-de-oficinas.webp\",\"contentUrl\":\"https:\/\/aldea.work\/wp-content\/uploads\/2025\/11\/Diseno-de-oficinas.webp\"},{\"@type\":\"BreadcrumbList\",\"@id\":\"https:\/\/aldea.work\/blog\/#breadcrumb\",\"itemListElement\":[{\"@type\":\"ListItem\",\"position\":1,\"name\":\"Portada\",\"item\":\"https:\/\/aldea.work\/\"},{\"@type\":\"ListItem\",\"position\":2,\"name\":\"Blog\"}]},{\"@type\":\"WebSite\",\"@id\":\"https:\/\/aldea.work\/#website\",\"url\":\"https:\/\/aldea.work\/\",\"name\":\"Aldea\",\"description\":\"Coworking moderno y oficinas en renta en Aguascalientes norte.\",\"publisher\":{\"@id\":\"https:\/\/aldea.work\/#organization\"},\"potentialAction\":[{\"@type\":\"SearchAction\",\"target\":{\"@type\":\"EntryPoint\",\"urlTemplate\":\"https:\/\/aldea.work\/?s={search_term_string}\"},\"query-input\":{\"@type\":\"PropertyValueSpecification\",\"valueRequired\":true,\"valueName\":\"search_term_string\"}}],\"inLanguage\":\"en-US\"},{\"@type\":\"Organization\",\"@id\":\"https:\/\/aldea.work\/#organization\",\"name\":\"Aldea\",\"url\":\"https:\/\/aldea.work\/\",\"logo\":{\"@type\":\"ImageObject\",\"inLanguage\":\"en-US\",\"@id\":\"https:\/\/aldea.work\/#\/schema\/logo\/image\/\",\"url\":\"https:\/\/aldea.work\/wp-content\/uploads\/2025\/04\/LOGO-ALDEA-AZUL.svg\",\"contentUrl\":\"https:\/\/aldea.work\/wp-content\/uploads\/2025\/04\/LOGO-ALDEA-AZUL.svg\",\"caption\":\"Aldea\"},\"image\":{\"@id\":\"https:\/\/aldea.work\/#\/schema\/logo\/image\/\"}}]}<\/script>\n<!-- \/ Yoast SEO plugin. -->","yoast_head_json":{"title":"Blog - Aldea","description":"Enterate de nuevas actualizaciones y notas interesantes sobre Coworking","robots":{"index":"index","follow":"follow","max-snippet":"max-snippet:-1","max-image-preview":"max-image-preview:large","max-video-preview":"max-video-preview:-1"},"canonical":"https:\/\/aldea.work\/en\/blog\/","og_locale":"en_US","og_type":"article","og_title":"Blog - Aldea","og_description":"Enterate de nuevas actualizaciones y notas interesantes sobre Coworking","og_url":"https:\/\/aldea.work\/en\/blog\/","og_site_name":"Aldea","article_modified_time":"2026-02-04T16:47:39+00:00","og_image":[{"width":1200,"height":676,"url":"https:\/\/aldea.work\/wp-content\/uploads\/2025\/11\/Diseno-de-oficinas.webp","type":"image\/webp"}],"twitter_card":"summary_large_image","twitter_misc":{"Est. reading time":"5 minutes"},"schema":{"@context":"https:\/\/schema.org","@graph":[{"@type":"WebPage","@id":"https:\/\/aldea.work\/blog\/","url":"https:\/\/aldea.work\/blog\/","name":"Blog - Aldea","isPartOf":{"@id":"https:\/\/aldea.work\/#website"},"primaryImageOfPage":{"@id":"https:\/\/aldea.work\/blog\/#primaryimage"},"image":{"@id":"https:\/\/aldea.work\/blog\/#primaryimage"},"thumbnailUrl":"https:\/\/aldea.work\/wp-content\/uploads\/2025\/11\/Diseno-de-oficinas.webp","datePublished":"2025-05-21T14:50:22+00:00","dateModified":"2026-02-04T16:47:39+00:00","description":"Enterate de nuevas actualizaciones y notas interesantes sobre Coworking","breadcrumb":{"@id":"https:\/\/aldea.work\/blog\/#breadcrumb"},"inLanguage":"en-US","potentialAction":[{"@type":"ReadAction","target":["https:\/\/aldea.work\/blog\/"]}]},{"@type":"ImageObject","inLanguage":"en-US","@id":"https:\/\/aldea.work\/blog\/#primaryimage","url":"https:\/\/aldea.work\/wp-content\/uploads\/2025\/11\/Diseno-de-oficinas.webp","contentUrl":"https:\/\/aldea.work\/wp-content\/uploads\/2025\/11\/Diseno-de-oficinas.webp"},{"@type":"BreadcrumbList","@id":"https:\/\/aldea.work\/blog\/#breadcrumb","itemListElement":[{"@type":"ListItem","position":1,"name":"Portada","item":"https:\/\/aldea.work\/"},{"@type":"ListItem","position":2,"name":"Blog"}]},{"@type":"WebSite","@id":"https:\/\/aldea.work\/#website","url":"https:\/\/aldea.work\/","name":"Aldea","description":"Coworking moderno y oficinas en renta en Aguascalientes norte.","publisher":{"@id":"https:\/\/aldea.work\/#organization"},"potentialAction":[{"@type":"SearchAction","target":{"@type":"EntryPoint","urlTemplate":"https:\/\/aldea.work\/?s={search_term_string}"},"query-input":{"@type":"PropertyValueSpecification","valueRequired":true,"valueName":"search_term_string"}}],"inLanguage":"en-US"},{"@type":"Organization","@id":"https:\/\/aldea.work\/#organization","name":"Aldea","url":"https:\/\/aldea.work\/","logo":{"@type":"ImageObject","inLanguage":"en-US","@id":"https:\/\/aldea.work\/#\/schema\/logo\/image\/","url":"https:\/\/aldea.work\/wp-content\/uploads\/2025\/04\/LOGO-ALDEA-AZUL.svg","contentUrl":"https:\/\/aldea.work\/wp-content\/uploads\/2025\/04\/LOGO-ALDEA-AZUL.svg","caption":"Aldea"},"image":{"@id":"https:\/\/aldea.work\/#\/schema\/logo\/image\/"}}]}},"acf":[],"_links":{"self":[{"href":"https:\/\/aldea.work\/en\/wp-json\/wp\/v2\/pages\/2975","targetHints":{"allow":["GET"]}}],"collection":[{"href":"https:\/\/aldea.work\/en\/wp-json\/wp\/v2\/pages"}],"about":[{"href":"https:\/\/aldea.work\/en\/wp-json\/wp\/v2\/types\/page"}],"author":[{"embeddable":true,"href":"https:\/\/aldea.work\/en\/wp-json\/wp\/v2\/users\/1"}],"replies":[{"embeddable":true,"href":"https:\/\/aldea.work\/en\/wp-json\/wp\/v2\/comments?post=2975"}],"version-history":[{"count":0,"href":"https:\/\/aldea.work\/en\/wp-json\/wp\/v2\/pages\/2975\/revisions"}],"wp:attachment":[{"href":"https:\/\/aldea.work\/en\/wp-json\/wp\/v2\/media?parent=2975"}],"curies":[{"name":"wp","href":"https:\/\/api.w.org\/{rel}","templated":true}]}}