{"id":2990,"date":"2025-05-21T14:59:08","date_gmt":"2025-05-21T14:59:08","guid":{"rendered":"https:\/\/aldea.work\/?page_id=2990"},"modified":"2025-09-01T20:04:59","modified_gmt":"2025-09-01T20:04:59","slug":"preguntas-frecuentes","status":"publish","type":"page","link":"https:\/\/aldea.work\/en\/preguntas-frecuentes\/","title":{"rendered":"Frequently Asked Questions"},"content":{"rendered":"<div data-elementor-type=\"wp-page\" data-elementor-id=\"2990\" class=\"elementor elementor-2990\">\n\t\t\t\t<div class=\"elementor-element elementor-element-9911cdd e-flex e-con-boxed wpr-particle-no wpr-jarallax-no wpr-parallax-no wpr-sticky-section-no e-con e-parent\" data-id=\"9911cdd\" data-element_type=\"container\" data-e-type=\"container\" data-settings=\"{&quot;background_background&quot;:&quot;classic&quot;}\">\n\t\t\t\t\t<div class=\"e-con-inner\">\n\t\t\t\t<div class=\"elementor-element elementor-element-ebd5246 elementor-widget elementor-widget-heading\" data-id=\"ebd5246\" data-element_type=\"widget\" data-e-type=\"widget\" data-widget_type=\"heading.default\">\n\t\t\t\t\t<h1 class=\"elementor-heading-title elementor-size-default\">FAQs<\/h1>\t\t\t\t<\/div>\n\t\t\t\t\t<\/div>\n\t\t\t\t<\/div>\n\t\t<div class=\"elementor-element elementor-element-7e70c82 e-flex e-con-boxed wpr-particle-no wpr-jarallax-no wpr-parallax-no wpr-sticky-section-no e-con e-parent\" data-id=\"7e70c82\" data-element_type=\"container\" data-e-type=\"container\">\n\t\t\t\t\t<div class=\"e-con-inner\">\n\t\t<div class=\"elementor-element elementor-element-c7a312c e-con-full e-flex wpr-particle-no wpr-jarallax-no wpr-parallax-no wpr-sticky-section-no e-con e-child\" data-id=\"c7a312c\" data-element_type=\"container\" data-e-type=\"container\">\n\t\t\t\t<div class=\"elementor-element elementor-element-4081e3d elementor-widget__width-initial elementor-widget-mobile__width-initial elementor-widget elementor-widget-heading\" data-id=\"4081e3d\" data-element_type=\"widget\" data-e-type=\"widget\" data-widget_type=\"heading.default\">\n\t\t\t\t\t<h2 class=\"elementor-heading-title elementor-size-default\">Memberships<\/h2>\t\t\t\t<\/div>\n\t\t\t\t<div class=\"elementor-element elementor-element-f977fc2 elementor-widget elementor-widget-eael-adv-accordion\" data-id=\"f977fc2\" data-element_type=\"widget\" data-e-type=\"widget\" data-widget_type=\"eael-adv-accordion.default\">\n\t\t\t\t\t            <div class=\"eael-adv-accordion\" id=\"eael-adv-accordion-f977fc2\" data-scroll-on-click=\"no\" data-scroll-speed=\"300\" data-accordion-id=\"f977fc2\" data-accordion-type=\"accordion\" data-toogle-speed=\"300\">\n            <div class=\"eael-accordion-list\">\n\t\t\t\t\t<div id=\"cul-es-su-horario\" class=\"elementor-tab-title eael-accordion-header\" tabindex=\"0\" data-tab=\"1\" aria-controls=\"elementor-tab-content-2611\"><span class=\"eael-advanced-accordion-icon-closed\"><\/span><span class=\"eael-advanced-accordion-icon-opened\"><\/span><span class=\"eael-accordion-tab-title\">What are your operating hours?<\/span><svg aria-hidden=\"true\" class=\"fa-toggle e-font-icon-svg e-fas-chevron-down\" viewbox=\"0 0 448 512\" xmlns=\"http:\/\/www.w3.org\/2000\/svg\"><path d=\"M207.029 381.476L12.686 187.132c-9.373-9.373-9.373-24.569 0-33.941l22.667-22.667c9.357-9.357 24.522-9.375 33.901-.04L224 284.505l154.745-154.021c9.379-9.335 24.544-9.317 33.901.04l22.667 22.667c9.373 9.373 9.373 24.569 0 33.941L240.971 381.476c-9.373 9.372-24.569 9.372-33.942 0z\"><\/path><\/svg><\/div><div id=\"elementor-tab-content-2611\" class=\"eael-accordion-content clearfix\" data-tab=\"1\" aria-labelledby=\"cul-es-su-horario\"><p>You can use our facilities from Monday to Friday from 7:00 a.m. to 11:00 p.m. and on Saturdays from 8:00 a.m. to 4:00 p.m. Some locations have extended access. Our staff is available to assist you at reception from Monday to Friday from 8:00 a.m. to 7:00 p.m.<\/p><\/div>\n\t\t\t\t\t<\/div><div class=\"eael-accordion-list\">\n\t\t\t\t\t<div id=\"cul-son-sus-ubicaciones\" class=\"elementor-tab-title eael-accordion-header\" tabindex=\"0\" data-tab=\"2\" aria-controls=\"elementor-tab-content-2612\"><span class=\"eael-advanced-accordion-icon-closed\"><\/span><span class=\"eael-advanced-accordion-icon-opened\"><\/span><span class=\"eael-accordion-tab-title\">Where are your locations?<\/span><svg aria-hidden=\"true\" class=\"fa-toggle e-font-icon-svg e-fas-chevron-down\" viewbox=\"0 0 448 512\" xmlns=\"http:\/\/www.w3.org\/2000\/svg\"><path d=\"M207.029 381.476L12.686 187.132c-9.373-9.373-9.373-24.569 0-33.941l22.667-22.667c9.357-9.357 24.522-9.375 33.901-.04L224 284.505l154.745-154.021c9.379-9.335 24.544-9.317 33.901.04l22.667 22.667c9.373 9.373 9.373 24.569 0 33.941L240.971 381.476c-9.373 9.372-24.569 9.372-33.942 0z\"><\/path><\/svg><\/div><div id=\"elementor-tab-content-2612\" class=\"eael-accordion-content clearfix\" data-tab=\"2\" aria-labelledby=\"cul-son-sus-ubicaciones\"><p>We are currently in four cities.\u00a0<\/p><ul><li><strong><a href=\"https:\/\/aldea.work\/en\/ubicaciones\/leon-gto\/\">Le\u00f3n, Guanajuato\u00a0<\/a><\/strong><\/li><li>Blvd. Mariano Escobedo #2920 Ed. N Piso 5 Col. El Tlacuache<\/li><\/ul><ul><li><strong><a href=\"https:\/\/aldea.work\/en\/ubicaciones\/aguascalientes-ags\/\">Aguascalientes, Ags\u00a0<\/a><\/strong><\/li><li>Zona norte: Business Square, Av Independencia 1861 Edificio 5,<\/li><\/ul><p>\u00a0Desarrollo Especial Galer\u00edas.<\/p><ul><li><strong>*Pr\u00f3ximamente San Luis Potos\u00ed\u00a0<\/strong><\/li><\/ul><\/div>\n\t\t\t\t\t<\/div><div class=\"eael-accordion-list\">\n\t\t\t\t\t<div id=\"qu-planes-se-ofrecen-en-aldea-\" class=\"elementor-tab-title eael-accordion-header\" tabindex=\"0\" data-tab=\"3\" aria-controls=\"elementor-tab-content-2613\"><span class=\"eael-advanced-accordion-icon-closed\"><\/span><span class=\"eael-advanced-accordion-icon-opened\"><\/span><span class=\"eael-accordion-tab-title\">What plans does Aldea offer? <\/span><svg aria-hidden=\"true\" class=\"fa-toggle e-font-icon-svg e-fas-chevron-down\" viewbox=\"0 0 448 512\" xmlns=\"http:\/\/www.w3.org\/2000\/svg\"><path d=\"M207.029 381.476L12.686 187.132c-9.373-9.373-9.373-24.569 0-33.941l22.667-22.667c9.357-9.357 24.522-9.375 33.901-.04L224 284.505l154.745-154.021c9.379-9.335 24.544-9.317 33.901.04l22.667 22.667c9.373 9.373 9.373 24.569 0 33.941L240.971 381.476c-9.373 9.372-24.569 9.372-33.942 0z\"><\/path><\/svg><\/div><div id=\"elementor-tab-content-2613\" class=\"eael-accordion-content clearfix\" data-tab=\"3\" aria-labelledby=\"qu-planes-se-ofrecen-en-aldea-\"><p>We offer three main solutions: Private Office, Private Desk, and Coworking. We also have Fiscal Domicile and customized Offices for companies that need tailored spaces.\u00a0<\/p><\/div>\n\t\t\t\t\t<\/div><div class=\"eael-accordion-list\">\n\t\t\t\t\t<div id=\"qu-servicios-incluyen\" class=\"elementor-tab-title eael-accordion-header\" tabindex=\"0\" data-tab=\"4\" aria-controls=\"elementor-tab-content-2614\"><span class=\"eael-advanced-accordion-icon-closed\"><\/span><span class=\"eael-advanced-accordion-icon-opened\"><\/span><span class=\"eael-accordion-tab-title\">What services are included?<\/span><svg aria-hidden=\"true\" class=\"fa-toggle e-font-icon-svg e-fas-chevron-down\" viewbox=\"0 0 448 512\" xmlns=\"http:\/\/www.w3.org\/2000\/svg\"><path d=\"M207.029 381.476L12.686 187.132c-9.373-9.373-9.373-24.569 0-33.941l22.667-22.667c9.357-9.357 24.522-9.375 33.901-.04L224 284.505l154.745-154.021c9.379-9.335 24.544-9.317 33.901.04l22.667 22.667c9.373 9.373 9.373 24.569 0 33.941L240.971 381.476c-9.373 9.372-24.569 9.372-33.942 0z\"><\/path><\/svg><\/div><div id=\"elementor-tab-content-2614\" class=\"eael-accordion-content clearfix\" data-tab=\"4\" aria-labelledby=\"qu-servicios-incluyen\"><p>We provide everything you need to work. Water, electricity, high-speed internet, visitor and package reception, meeting rooms, printers, cleaning, and security, etc. Additionally, we have extra amenities like unlimited beer, coffee, and tea.<\/p><\/div>\n\t\t\t\t\t<\/div><div class=\"eael-accordion-list\">\n\t\t\t\t\t<div id=\"puedo-trabajar-desde-cualquier-sede\" class=\"elementor-tab-title eael-accordion-header\" tabindex=\"0\" data-tab=\"5\" aria-controls=\"elementor-tab-content-2615\"><span class=\"eael-advanced-accordion-icon-closed\"><\/span><span class=\"eael-advanced-accordion-icon-opened\"><\/span><span class=\"eael-accordion-tab-title\">Can I work from any location?<\/span><svg aria-hidden=\"true\" class=\"fa-toggle e-font-icon-svg e-fas-chevron-down\" viewbox=\"0 0 448 512\" xmlns=\"http:\/\/www.w3.org\/2000\/svg\"><path d=\"M207.029 381.476L12.686 187.132c-9.373-9.373-9.373-24.569 0-33.941l22.667-22.667c9.357-9.357 24.522-9.375 33.901-.04L224 284.505l154.745-154.021c9.379-9.335 24.544-9.317 33.901.04l22.667 22.667c9.373 9.373 9.373 24.569 0 33.941L240.971 381.476c-9.373 9.372-24.569 9.372-33.942 0z\"><\/path><\/svg><\/div><div id=\"elementor-tab-content-2615\" class=\"eael-accordion-content clearfix\" data-tab=\"5\" aria-labelledby=\"puedo-trabajar-desde-cualquier-sede\"><p>Yes, with your membership, you can use the shared spaces and meeting rooms in any of our locations, subject to availability.<br \/>sedes, seg\u00fan disponibilidad.<\/p><\/div>\n\t\t\t\t\t<\/div><div class=\"eael-accordion-list\">\n\t\t\t\t\t<div id=\"cul-es-el-proceso-para-rentar-una-oficina\" class=\"elementor-tab-title eael-accordion-header\" tabindex=\"0\" data-tab=\"6\" aria-controls=\"elementor-tab-content-2616\"><span class=\"eael-advanced-accordion-icon-closed\"><\/span><span class=\"eael-advanced-accordion-icon-opened\"><\/span><span class=\"eael-accordion-tab-title\">What is the process for renting an office?<\/span><svg aria-hidden=\"true\" class=\"fa-toggle e-font-icon-svg e-fas-chevron-down\" viewbox=\"0 0 448 512\" xmlns=\"http:\/\/www.w3.org\/2000\/svg\"><path d=\"M207.029 381.476L12.686 187.132c-9.373-9.373-9.373-24.569 0-33.941l22.667-22.667c9.357-9.357 24.522-9.375 33.901-.04L224 284.505l154.745-154.021c9.379-9.335 24.544-9.317 33.901.04l22.667 22.667c9.373 9.373 9.373 24.569 0 33.941L240.971 381.476c-9.373 9.372-24.569 9.372-33.942 0z\"><\/path><\/svg><\/div><div id=\"elementor-tab-content-2616\" class=\"eael-accordion-content clearfix\" data-tab=\"6\" aria-labelledby=\"cul-es-el-proceso-para-rentar-una-oficina\"><p>Very easy: you schedule a visit, choose the space that best suits your team, and we sign a contract. Everything is ready to use from day one.<\/p><\/div>\n\t\t\t\t\t<\/div><div class=\"eael-accordion-list\">\n\t\t\t\t\t<div id=\"cul-es-la-disponibilidad-de-espacios-de-oficina\" class=\"elementor-tab-title eael-accordion-header\" tabindex=\"0\" data-tab=\"7\" aria-controls=\"elementor-tab-content-2617\"><span class=\"eael-advanced-accordion-icon-closed\"><\/span><span class=\"eael-advanced-accordion-icon-opened\"><\/span><span class=\"eael-accordion-tab-title\">What is the availability of office spaces?<\/span><svg aria-hidden=\"true\" class=\"fa-toggle e-font-icon-svg e-fas-chevron-down\" viewbox=\"0 0 448 512\" xmlns=\"http:\/\/www.w3.org\/2000\/svg\"><path d=\"M207.029 381.476L12.686 187.132c-9.373-9.373-9.373-24.569 0-33.941l22.667-22.667c9.357-9.357 24.522-9.375 33.901-.04L224 284.505l154.745-154.021c9.379-9.335 24.544-9.317 33.901.04l22.667 22.667c9.373 9.373 9.373 24.569 0 33.941L240.971 381.476c-9.373 9.372-24.569 9.372-33.942 0z\"><\/path><\/svg><\/div><div id=\"elementor-tab-content-2617\" class=\"eael-accordion-content clearfix\" data-tab=\"7\" aria-labelledby=\"cul-es-la-disponibilidad-de-espacios-de-oficina\"><p>Availability may vary by location and depending on the occupancy of each building. We recommend filling out the form or scheduling a visit to show you the current options.<\/p><\/div>\n\t\t\t\t\t<\/div><div class=\"eael-accordion-list\">\n\t\t\t\t\t<div id=\"cmo-puedo-agendar-una-visita\" class=\"elementor-tab-title eael-accordion-header\" tabindex=\"0\" data-tab=\"8\" aria-controls=\"elementor-tab-content-2618\"><span class=\"eael-advanced-accordion-icon-closed\"><\/span><span class=\"eael-advanced-accordion-icon-opened\"><\/span><span class=\"eael-accordion-tab-title\">How can I schedule a visit?<\/span><svg aria-hidden=\"true\" class=\"fa-toggle e-font-icon-svg e-fas-chevron-down\" viewbox=\"0 0 448 512\" xmlns=\"http:\/\/www.w3.org\/2000\/svg\"><path d=\"M207.029 381.476L12.686 187.132c-9.373-9.373-9.373-24.569 0-33.941l22.667-22.667c9.357-9.357 24.522-9.375 33.901-.04L224 284.505l154.745-154.021c9.379-9.335 24.544-9.317 33.901.04l22.667 22.667c9.373 9.373 9.373 24.569 0 33.941L240.971 381.476c-9.373 9.372-24.569 9.372-33.942 0z\"><\/path><\/svg><\/div><div id=\"elementor-tab-content-2618\" class=\"eael-accordion-content clearfix\" data-tab=\"8\" aria-labelledby=\"cmo-puedo-agendar-una-visita\"><p>You can fill out the form on our website, call us, or write to us via WhatsApp. an advisor will contact you to coordinate the visit.<\/p><\/div>\n\t\t\t\t\t<\/div><div class=\"eael-accordion-list\">\n\t\t\t\t\t<div id=\"qu-opciones-de-personalizacin-ofrecen\" class=\"elementor-tab-title eael-accordion-header\" tabindex=\"0\" data-tab=\"9\" aria-controls=\"elementor-tab-content-2619\"><span class=\"eael-advanced-accordion-icon-closed\"><\/span><span class=\"eael-advanced-accordion-icon-opened\"><\/span><span class=\"eael-accordion-tab-title\">What customization options do you offer?<\/span><svg aria-hidden=\"true\" class=\"fa-toggle e-font-icon-svg e-fas-chevron-down\" viewbox=\"0 0 448 512\" xmlns=\"http:\/\/www.w3.org\/2000\/svg\"><path d=\"M207.029 381.476L12.686 187.132c-9.373-9.373-9.373-24.569 0-33.941l22.667-22.667c9.357-9.357 24.522-9.375 33.901-.04L224 284.505l154.745-154.021c9.379-9.335 24.544-9.317 33.901.04l22.667 22.667c9.373 9.373 9.373 24.569 0 33.941L240.971 381.476c-9.373 9.372-24.569 9.372-33.942 0z\"><\/path><\/svg><\/div><div id=\"elementor-tab-content-2619\" class=\"eael-accordion-content clearfix\" data-tab=\"9\" aria-labelledby=\"qu-opciones-de-personalizacin-ofrecen\"><p>In private offices, we can adapt furniture, colors, or configuration according to your company's needs.<\/p><\/div>\n\t\t\t\t\t<\/div><div class=\"eael-accordion-list\">\n\t\t\t\t\t<div id=\"qu-medidas-de-seguridad-tienen\" class=\"elementor-tab-title eael-accordion-header\" tabindex=\"0\" data-tab=\"10\" aria-controls=\"elementor-tab-content-26110\"><span class=\"eael-advanced-accordion-icon-closed\"><\/span><span class=\"eael-advanced-accordion-icon-opened\"><\/span><span class=\"eael-accordion-tab-title\">What security measures do you have?<\/span><svg aria-hidden=\"true\" class=\"fa-toggle e-font-icon-svg e-fas-chevron-down\" viewbox=\"0 0 448 512\" xmlns=\"http:\/\/www.w3.org\/2000\/svg\"><path d=\"M207.029 381.476L12.686 187.132c-9.373-9.373-9.373-24.569 0-33.941l22.667-22.667c9.357-9.357 24.522-9.375 33.901-.04L224 284.505l154.745-154.021c9.379-9.335 24.544-9.317 33.901.04l22.667 22.667c9.373 9.373 9.373 24.569 0 33.941L240.971 381.476c-9.373 9.372-24.569 9.372-33.942 0z\"><\/path><\/svg><\/div><div id=\"elementor-tab-content-26110\" class=\"eael-accordion-content clearfix\" data-tab=\"10\" aria-labelledby=\"qu-medidas-de-seguridad-tienen\"><p>We have surveillance, controlled access, closed-circuit cameras, and internal emergency protocols in all our locations.<\/p><\/div>\n\t\t\t\t\t<\/div><div class=\"eael-accordion-list\">\n\t\t\t\t\t<div id=\"puedo-hacer-impresiones\" class=\"elementor-tab-title eael-accordion-header\" tabindex=\"0\" data-tab=\"11\" aria-controls=\"elementor-tab-content-26111\"><span class=\"eael-advanced-accordion-icon-closed\"><\/span><span class=\"eael-advanced-accordion-icon-opened\"><\/span><span class=\"eael-accordion-tab-title\">Can I make printouts?<\/span><svg aria-hidden=\"true\" class=\"fa-toggle e-font-icon-svg e-fas-chevron-down\" viewbox=\"0 0 448 512\" xmlns=\"http:\/\/www.w3.org\/2000\/svg\"><path d=\"M207.029 381.476L12.686 187.132c-9.373-9.373-9.373-24.569 0-33.941l22.667-22.667c9.357-9.357 24.522-9.375 33.901-.04L224 284.505l154.745-154.021c9.379-9.335 24.544-9.317 33.901.04l22.667 22.667c9.373 9.373 9.373 24.569 0 33.941L240.971 381.476c-9.373 9.372-24.569 9.372-33.942 0z\"><\/path><\/svg><\/div><div id=\"elementor-tab-content-26111\" class=\"eael-accordion-content clearfix\" data-tab=\"11\" aria-labelledby=\"puedo-hacer-impresiones\"><p>Yes, basic printing services are included in your membership. If you need a larger volume, you can purchase additional credits.<\/p><\/div>\n\t\t\t\t\t<\/div><div class=\"eael-accordion-list\">\n\t\t\t\t\t<div id=\"hay-cafetera-dentro-de-aldea\" class=\"elementor-tab-title eael-accordion-header\" tabindex=\"0\" data-tab=\"12\" aria-controls=\"elementor-tab-content-26112\"><span class=\"eael-advanced-accordion-icon-closed\"><\/span><span class=\"eael-advanced-accordion-icon-opened\"><\/span><span class=\"eael-accordion-tab-title\">Is there a cafeteria inside Aldea?<\/span><svg aria-hidden=\"true\" class=\"fa-toggle e-font-icon-svg e-fas-chevron-down\" viewbox=\"0 0 448 512\" xmlns=\"http:\/\/www.w3.org\/2000\/svg\"><path d=\"M207.029 381.476L12.686 187.132c-9.373-9.373-9.373-24.569 0-33.941l22.667-22.667c9.357-9.357 24.522-9.375 33.901-.04L224 284.505l154.745-154.021c9.379-9.335 24.544-9.317 33.901.04l22.667 22.667c9.373 9.373 9.373 24.569 0 33.941L240.971 381.476c-9.373 9.372-24.569 9.372-33.942 0z\"><\/path><\/svg><\/div><div id=\"elementor-tab-content-26112\" class=\"eael-accordion-content clearfix\" data-tab=\"12\" aria-labelledby=\"hay-cafetera-dentro-de-aldea\"><p>Yes, we have cafeteria and kitchen services in all our locations. All locations have unlimited coffee, water, beer, and tea.<\/p><\/div>\n\t\t\t\t\t<\/div><\/div>\t\t\t\t<\/div>\n\t\t\t\t<div class=\"elementor-element elementor-element-c6ede56 elementor-widget__width-initial elementor-widget-mobile__width-initial elementor-widget elementor-widget-heading\" data-id=\"c6ede56\" data-element_type=\"widget\" data-e-type=\"widget\" data-widget_type=\"heading.default\">\n\t\t\t\t\t<h2 class=\"elementor-heading-title elementor-size-default\">Community<\/h2>\t\t\t\t<\/div>\n\t\t\t\t<div class=\"elementor-element elementor-element-89c2897 elementor-widget elementor-widget-eael-adv-accordion\" data-id=\"89c2897\" data-element_type=\"widget\" data-e-type=\"widget\" data-widget_type=\"eael-adv-accordion.default\">\n\t\t\t\t\t            <div class=\"eael-adv-accordion\" id=\"eael-adv-accordion-89c2897\" data-scroll-on-click=\"no\" data-scroll-speed=\"300\" data-accordion-id=\"89c2897\" data-accordion-type=\"accordion\" data-toogle-speed=\"300\">\n            <div class=\"eael-accordion-list\">\n\t\t\t\t\t<div id=\"qu-eventos-se-realizan-en-aldea\" class=\"elementor-tab-title eael-accordion-header\" tabindex=\"0\" data-tab=\"1\" aria-controls=\"elementor-tab-content-1441\"><span class=\"eael-advanced-accordion-icon-closed\"><\/span><span class=\"eael-advanced-accordion-icon-opened\"><\/span><span class=\"eael-accordion-tab-title\">What events are held at Aldea?<\/span><svg aria-hidden=\"true\" class=\"fa-toggle e-font-icon-svg e-fas-chevron-down\" viewbox=\"0 0 448 512\" xmlns=\"http:\/\/www.w3.org\/2000\/svg\"><path d=\"M207.029 381.476L12.686 187.132c-9.373-9.373-9.373-24.569 0-33.941l22.667-22.667c9.357-9.357 24.522-9.375 33.901-.04L224 284.505l154.745-154.021c9.379-9.335 24.544-9.317 33.901.04l22.667 22.667c9.373 9.373 9.373 24.569 0 33.941L240.971 381.476c-9.373 9.372-24.569 9.372-33.942 0z\"><\/path><\/svg><\/div><div id=\"elementor-tab-content-1441\" class=\"eael-accordion-content clearfix\" data-tab=\"1\" aria-labelledby=\"qu-eventos-se-realizan-en-aldea\"><p>All events that generate value for our members. We have held motivational conferences, legal training sessions, broadcasts of sporting events, video game tournaments, and even beer pong tournaments.<\/p><\/div>\n\t\t\t\t\t<\/div><div class=\"eael-accordion-list\">\n\t\t\t\t\t<div id=\"puedo-conocer-sus-instalaciones\" class=\"elementor-tab-title eael-accordion-header\" tabindex=\"0\" data-tab=\"2\" aria-controls=\"elementor-tab-content-1442\"><span class=\"eael-advanced-accordion-icon-closed\"><\/span><span class=\"eael-advanced-accordion-icon-opened\"><\/span><span class=\"eael-accordion-tab-title\">Can I visit your facilities?<\/span><svg aria-hidden=\"true\" class=\"fa-toggle e-font-icon-svg e-fas-chevron-down\" viewbox=\"0 0 448 512\" xmlns=\"http:\/\/www.w3.org\/2000\/svg\"><path d=\"M207.029 381.476L12.686 187.132c-9.373-9.373-9.373-24.569 0-33.941l22.667-22.667c9.357-9.357 24.522-9.375 33.901-.04L224 284.505l154.745-154.021c9.379-9.335 24.544-9.317 33.901.04l22.667 22.667c9.373 9.373 9.373 24.569 0 33.941L240.971 381.476c-9.373 9.372-24.569 9.372-33.942 0z\"><\/path><\/svg><\/div><div id=\"elementor-tab-content-1442\" class=\"eael-accordion-content clearfix\" data-tab=\"2\" aria-labelledby=\"puedo-conocer-sus-instalaciones\"><p>Yes, we invite you to schedule a visit to tour the location of your interest. We will gladly show you the spaces and answer your questions.\u00a0<strong><a href=\"https:\/\/aldea.work\/en\/contacto\/\">Click here<\/a><\/strong>\u00a0to book a tour.<\/p><\/div>\n\t\t\t\t\t<\/div><div class=\"eael-accordion-list\">\n\t\t\t\t\t<div id=\"cmo-puedo-conectar-con-otros-miembros\" class=\"elementor-tab-title eael-accordion-header\" tabindex=\"0\" data-tab=\"3\" aria-controls=\"elementor-tab-content-1443\"><span class=\"eael-advanced-accordion-icon-closed\"><\/span><span class=\"eael-advanced-accordion-icon-opened\"><\/span><span class=\"eael-accordion-tab-title\">How can I connect with other members?<\/span><svg aria-hidden=\"true\" class=\"fa-toggle e-font-icon-svg e-fas-chevron-down\" viewbox=\"0 0 448 512\" xmlns=\"http:\/\/www.w3.org\/2000\/svg\"><path d=\"M207.029 381.476L12.686 187.132c-9.373-9.373-9.373-24.569 0-33.941l22.667-22.667c9.357-9.357 24.522-9.375 33.901-.04L224 284.505l154.745-154.021c9.379-9.335 24.544-9.317 33.901.04l22.667 22.667c9.373 9.373 9.373 24.569 0 33.941L240.971 381.476c-9.373 9.372-24.569 9.372-33.942 0z\"><\/path><\/svg><\/div><div id=\"elementor-tab-content-1443\" class=\"eael-accordion-content clearfix\" data-tab=\"3\" aria-labelledby=\"cmo-puedo-conectar-con-otros-miembros\"><p>Through events, common spaces, and scheduled activities. Our team can also help you connect based on interests or industries.<\/p><\/div>\n\t\t\t\t\t<\/div><div class=\"eael-accordion-list\">\n\t\t\t\t\t<div id=\"si-tengo-oficina-privada-puedo-usar-las-reas-comunes\" class=\"elementor-tab-title eael-accordion-header\" tabindex=\"0\" data-tab=\"4\" aria-controls=\"elementor-tab-content-1444\"><span class=\"eael-advanced-accordion-icon-closed\"><\/span><span class=\"eael-advanced-accordion-icon-opened\"><\/span><span class=\"eael-accordion-tab-title\">If I have a private office, can I use the common areas?<\/span><svg aria-hidden=\"true\" class=\"fa-toggle e-font-icon-svg e-fas-chevron-down\" viewbox=\"0 0 448 512\" xmlns=\"http:\/\/www.w3.org\/2000\/svg\"><path d=\"M207.029 381.476L12.686 187.132c-9.373-9.373-9.373-24.569 0-33.941l22.667-22.667c9.357-9.357 24.522-9.375 33.901-.04L224 284.505l154.745-154.021c9.379-9.335 24.544-9.317 33.901.04l22.667 22.667c9.373 9.373 9.373 24.569 0 33.941L240.971 381.476c-9.373 9.372-24.569 9.372-33.942 0z\"><\/path><\/svg><\/div><div id=\"elementor-tab-content-1444\" class=\"eael-accordion-content clearfix\" data-tab=\"4\" aria-labelledby=\"si-tengo-oficina-privada-puedo-usar-las-reas-comunes\"><p>Yes, as a private office client, you also have access to coworking, the kitchen, meeting rooms, and community events.<\/p><\/div>\n\t\t\t\t\t<\/div><div class=\"eael-accordion-list\">\n\t\t\t\t\t<div id=\"cuentan-con-salas-de-juntas\" class=\"elementor-tab-title eael-accordion-header\" tabindex=\"0\" data-tab=\"5\" aria-controls=\"elementor-tab-content-1445\"><span class=\"eael-advanced-accordion-icon-closed\"><\/span><span class=\"eael-advanced-accordion-icon-opened\"><\/span><span class=\"eael-accordion-tab-title\">Do you have meeting rooms?<\/span><svg aria-hidden=\"true\" class=\"fa-toggle e-font-icon-svg e-fas-chevron-down\" viewbox=\"0 0 448 512\" xmlns=\"http:\/\/www.w3.org\/2000\/svg\"><path d=\"M207.029 381.476L12.686 187.132c-9.373-9.373-9.373-24.569 0-33.941l22.667-22.667c9.357-9.357 24.522-9.375 33.901-.04L224 284.505l154.745-154.021c9.379-9.335 24.544-9.317 33.901.04l22.667 22.667c9.373 9.373 9.373 24.569 0 33.941L240.971 381.476c-9.373 9.372-24.569 9.372-33.942 0z\"><\/path><\/svg><\/div><div id=\"elementor-tab-content-1445\" class=\"eael-accordion-content clearfix\" data-tab=\"5\" aria-labelledby=\"cuentan-con-salas-de-juntas\"><p>Yes, all our locations have equipped meeting rooms that you can reserve through the app or at reception.<\/p><\/div>\n\t\t\t\t\t<\/div><\/div>\t\t\t\t<\/div>\n\t\t\t\t<div class=\"elementor-element elementor-element-d9be3d0 elementor-widget__width-initial elementor-widget-mobile__width-initial elementor-widget elementor-widget-heading\" data-id=\"d9be3d0\" data-element_type=\"widget\" data-e-type=\"widget\" data-widget_type=\"heading.default\">\n\t\t\t\t\t<h2 class=\"elementor-heading-title elementor-size-default\">Facturaci\u00f3n <\/h2>\t\t\t\t<\/div>\n\t\t\t\t<div class=\"elementor-element elementor-element-365ded7 elementor-widget elementor-widget-eael-adv-accordion\" data-id=\"365ded7\" data-element_type=\"widget\" data-e-type=\"widget\" data-widget_type=\"eael-adv-accordion.default\">\n\t\t\t\t\t            <div class=\"eael-adv-accordion\" id=\"eael-adv-accordion-365ded7\" data-scroll-on-click=\"no\" data-scroll-speed=\"300\" data-accordion-id=\"365ded7\" data-accordion-type=\"accordion\" data-toogle-speed=\"300\">\n            <div class=\"eael-accordion-list\">\n\t\t\t\t\t<div id=\"cul-es-el-plazo-forzoso-de-sus-membresas\" class=\"elementor-tab-title eael-accordion-header\" tabindex=\"0\" data-tab=\"1\" aria-controls=\"elementor-tab-content-5701\"><span class=\"eael-advanced-accordion-icon-closed\"><\/span><span class=\"eael-advanced-accordion-icon-opened\"><\/span><span class=\"eael-accordion-tab-title\">What is the mandatory term for your memberships?<\/span><svg aria-hidden=\"true\" class=\"fa-toggle e-font-icon-svg e-fas-chevron-down\" viewbox=\"0 0 448 512\" xmlns=\"http:\/\/www.w3.org\/2000\/svg\"><path d=\"M207.029 381.476L12.686 187.132c-9.373-9.373-9.373-24.569 0-33.941l22.667-22.667c9.357-9.357 24.522-9.375 33.901-.04L224 284.505l154.745-154.021c9.379-9.335 24.544-9.317 33.901.04l22.667 22.667c9.373 9.373 9.373 24.569 0 33.941L240.971 381.476c-9.373 9.372-24.569 9.372-33.942 0z\"><\/path><\/svg><\/div><div id=\"elementor-tab-content-5701\" class=\"eael-accordion-content clearfix\" data-tab=\"1\" aria-labelledby=\"cul-es-el-plazo-forzoso-de-sus-membresas\"><p>Contracts can be signed for the term each company needs, from 1 month up to 60 months; a discount on the space may be granted depending on the term.<\/p><\/div>\n\t\t\t\t\t<\/div><div class=\"eael-accordion-list\">\n\t\t\t\t\t<div id=\"cules-mtodos-de-pagos-ofrecen\" class=\"elementor-tab-title eael-accordion-header\" tabindex=\"0\" data-tab=\"2\" aria-controls=\"elementor-tab-content-5702\"><span class=\"eael-advanced-accordion-icon-closed\"><\/span><span class=\"eael-advanced-accordion-icon-opened\"><\/span><span class=\"eael-accordion-tab-title\">What payment methods are accepted?<\/span><svg aria-hidden=\"true\" class=\"fa-toggle e-font-icon-svg e-fas-chevron-down\" viewbox=\"0 0 448 512\" xmlns=\"http:\/\/www.w3.org\/2000\/svg\"><path d=\"M207.029 381.476L12.686 187.132c-9.373-9.373-9.373-24.569 0-33.941l22.667-22.667c9.357-9.357 24.522-9.375 33.901-.04L224 284.505l154.745-154.021c9.379-9.335 24.544-9.317 33.901.04l22.667 22.667c9.373 9.373 9.373 24.569 0 33.941L240.971 381.476c-9.373 9.372-24.569 9.372-33.942 0z\"><\/path><\/svg><\/div><div id=\"elementor-tab-content-5702\" class=\"eael-accordion-content clearfix\" data-tab=\"2\" aria-labelledby=\"cules-mtodos-de-pagos-ofrecen\"><p>We accept bank transfers, credit, and debit cards. You can choose monthly, quarterly, or annual payments according to the contracted plan.<\/p><\/div>\n\t\t\t\t\t<\/div><div class=\"eael-accordion-list\">\n\t\t\t\t\t<div id=\"cules-son-los-cargos-adicionales-por-impresiones-crditos-etc\" class=\"elementor-tab-title eael-accordion-header\" tabindex=\"0\" data-tab=\"3\" aria-controls=\"elementor-tab-content-5703\"><span class=\"eael-advanced-accordion-icon-closed\"><\/span><span class=\"eael-advanced-accordion-icon-opened\"><\/span><span class=\"eael-accordion-tab-title\">What are the additional charges for prints, credits, etc.?<\/span><svg aria-hidden=\"true\" class=\"fa-toggle e-font-icon-svg e-fas-chevron-down\" viewbox=\"0 0 448 512\" xmlns=\"http:\/\/www.w3.org\/2000\/svg\"><path d=\"M207.029 381.476L12.686 187.132c-9.373-9.373-9.373-24.569 0-33.941l22.667-22.667c9.357-9.357 24.522-9.375 33.901-.04L224 284.505l154.745-154.021c9.379-9.335 24.544-9.317 33.901.04l22.667 22.667c9.373 9.373 9.373 24.569 0 33.941L240.971 381.476c-9.373 9.372-24.569 9.372-33.942 0z\"><\/path><\/svg><\/div><div id=\"elementor-tab-content-5703\" class=\"eael-accordion-content clearfix\" data-tab=\"3\" aria-labelledby=\"cules-son-los-cargos-adicionales-por-impresiones-crditos-etc\"><p>Each additional black and white print costs $1.00; color prints cost $2.50.  While any additional credit for a meeting room is valued at $150.00.\u00a0<\/p><\/div>\n\t\t\t\t\t<\/div><div class=\"eael-accordion-list\">\n\t\t\t\t\t<div id=\"cuentan-con-domicilio-fiscal\" class=\"elementor-tab-title eael-accordion-header\" tabindex=\"0\" data-tab=\"4\" aria-controls=\"elementor-tab-content-5704\"><span class=\"eael-advanced-accordion-icon-closed\"><\/span><span class=\"eael-advanced-accordion-icon-opened\"><\/span><span class=\"eael-accordion-tab-title\">Do you offer fiscal domicile services?<\/span><svg aria-hidden=\"true\" class=\"fa-toggle e-font-icon-svg e-fas-chevron-down\" viewbox=\"0 0 448 512\" xmlns=\"http:\/\/www.w3.org\/2000\/svg\"><path d=\"M207.029 381.476L12.686 187.132c-9.373-9.373-9.373-24.569 0-33.941l22.667-22.667c9.357-9.357 24.522-9.375 33.901-.04L224 284.505l154.745-154.021c9.379-9.335 24.544-9.317 33.901.04l22.667 22.667c9.373 9.373 9.373 24.569 0 33.941L240.971 381.476c-9.373 9.372-24.569 9.372-33.942 0z\"><\/path><\/svg><\/div><div id=\"elementor-tab-content-5704\" class=\"eael-accordion-content clearfix\" data-tab=\"4\" aria-labelledby=\"cuentan-con-domicilio-fiscal\"><p>Yes, we offer Fiscal and Virtual Domicile services, which include package reception, use of a fiscal address, and access to meeting rooms.<\/p><\/div>\n\t\t\t\t\t<\/div><div class=\"eael-accordion-list\">\n\t\t\t\t\t<div id=\"cul-es-la-poltica-de-cancelacin\" class=\"elementor-tab-title eael-accordion-header\" tabindex=\"0\" data-tab=\"5\" aria-controls=\"elementor-tab-content-5705\"><span class=\"eael-advanced-accordion-icon-closed\"><\/span><span class=\"eael-advanced-accordion-icon-opened\"><\/span><span class=\"eael-accordion-tab-title\">What is the cancellation policy?<\/span><svg aria-hidden=\"true\" class=\"fa-toggle e-font-icon-svg e-fas-chevron-down\" viewbox=\"0 0 448 512\" xmlns=\"http:\/\/www.w3.org\/2000\/svg\"><path d=\"M207.029 381.476L12.686 187.132c-9.373-9.373-9.373-24.569 0-33.941l22.667-22.667c9.357-9.357 24.522-9.375 33.901-.04L224 284.505l154.745-154.021c9.379-9.335 24.544-9.317 33.901.04l22.667 22.667c9.373 9.373 9.373 24.569 0 33.941L240.971 381.476c-9.373 9.372-24.569 9.372-33.942 0z\"><\/path><\/svg><\/div><div id=\"elementor-tab-content-5705\" class=\"eael-accordion-content clearfix\" data-tab=\"5\" aria-labelledby=\"cul-es-la-poltica-de-cancelacin\"><p>The policy is to fulfill the term of the signed contract. You can rent for a minimum term of 1 month.<\/p><\/div>\n\t\t\t\t\t<\/div><\/div>\t\t\t\t<\/div>\n\t\t\t\t<\/div>\n\t\t\t\t\t<\/div>\n\t\t\t\t<\/div>\n\t\t\t\t<\/div>","protected":false},"excerpt":{"rendered":"<p>Preguntas frecuentes Membres\u00edas \u00bfCu\u00e1l es su horario? El horario de atenci\u00f3n a miembros y visitas por personas de nuestro staff es de 8:00 a.m. a 7:00 p.m. Sin embargo, puedes trabajar en el edificio en cualquier horario del d\u00eda. \u00bfCu\u00e1l son sus ubicaciones? Actualmente nos encontramos en dos ciudades:\u00a0 Le\u00f3n, Guanajuato\u00a0 Blvd. Mariano Escobedo #2920 Ed. N Piso 5 Col. El Tlacuache Aguascalientes, Ags\u00a0 Zona norte: Business Square, Av Independencia 1861 Edificio 5, \u00a0Desarrollo Especial Galer\u00edas. *Pr\u00f3ximamente San Luis Potos\u00ed\u00a0 \u00bfQu\u00e9 planes se ofrecen en Aldea? En Aldea nos adaptamos a las necesidades de tu empresa, es por eso que contamos con\u00a0membres\u00edas\u00a0desde \u00e1rea de cowork hasta oficinas privadas equipadas.\u00a0 \u00bfQu\u00e9 servicios incluyen? Te brindamos todo lo que necesitas para trabajar. Agua, luz, internet de alta velocidad, recepci\u00f3n de visitas y paqueter\u00eda, salas de juntas, impresoras, limpieza y seguridad, etc. Adem\u00e1s, contamos con amenidades extras como cerveza, caf\u00e9 y t\u00e9 ilimitados. \u00bfPuedo trabajar desde cualquier sede? S\u00ed, con tu membres\u00eda puedes usar los espacios compartidos y salas de juntas en cualquiera de nuestrassedes, seg\u00fan disponibilidad. \u00bfCu\u00e1l es el proceso para rentar una oficina? El proceso es \u00e1gil y sencillo: agenda una visita, selecciona el espacio que mejor se ajuste a las necesidades de tu equipo y procede con la firma del contrato. A partir de ese momento, el espacio estar\u00e1 completamente habilitado para su uso desde el primer d\u00eda. \u00bfCu\u00e1l es la disponibilidad de espacios de oficina? La disponibilidad de espacios var\u00eda seg\u00fan la sede y el nivel de ocupaci\u00f3n de cada edificio. Para brindarte informaci\u00f3n actualizada y personalizada, te recomendamos completar el formulario de contacto o agendar una visita para conocer las opciones disponibles. \u00bfC\u00f3mo puedo agendar una visita? Puede completar el formulario disponible en nuestra p\u00e1gina web, comunicarse telef\u00f3nicamente o contactarnos v\u00eda WhatsApp. Un asesor se pondr\u00e1 en contacto con usted para coordinar la visita. \u00bfQu\u00e9 opciones de personalizaci\u00f3n ofrecen? En nuestras oficinas privadas ofrecemos la posibilidad de adaptar el mobiliario, la paleta de colores y la configuraci\u00f3n del espacio de acuerdo con las necesidades espec\u00edficas de su empresa. \u00bfQu\u00e9 medidas de seguridad tienen? Todas nuestras sedes cuentan con vigilancia permanente, control de acceso, sistemas de c\u00e1maras de circuito cerrado y protocolos internos de emergencia para garantizar la seguridad de nuestros usuarios. \u00bfPuedo hacer impresiones? El servicio de impresiones b\u00e1sicas est\u00e1 incluido dentro de tu membres\u00eda. En caso de requerir un volumen de impresi\u00f3n superior, es posible adquirir cr\u00e9ditos adicionales seg\u00fan tus necesidades. \u00bfHay cafeter\u00eda dentro de Aldea? Contamos con servicio de cafeter\u00eda y cocina en todas nuestras sedes. En todas las ubicaciones, ofrecemos suministro ilimitado de caf\u00e9, agua, cerveza y t\u00e9. Comunidad \u00bfQu\u00e9 eventos se realizan en Aldea? Todos los que generen valor a nuestros miembros. Hemos realizado conferencias motivacionales, capacitaciones legales, transmisiones de eventos deportivos, torneos de video juegos y hasta torneos de beerpong. \u00bfPuedo conocer sus instalaciones? Claro, Te invitamos a que nos visites de lunes a viernes de 8:00 a.m. a 8:00 p.m. Si no puedes acudir en estos horarios cont\u00e1ctanos\u00a0aqu\u00ed\u00a0para solicitar una cita. \u00bfC\u00f3mo puedo conectar con otros miembros? Contamos con varios eventos y\/o actividades para que nuestra comunidad conecte con todos los miembros del edificio. \u00bfSi tengo oficina privada, puedo usar las \u00e1reas comunes? S\u00ed, los clientes con oficina privada tambi\u00e9n tienen acceso a las \u00e1reas comunes, como los espacios de coworking, la cocina equipada, las salas de juntas y los eventos comunitarios organizados por Aldea. \u00bfCuentan con salas de juntas? Todas nuestras sedes disponen de salas de juntas completamente equipadas, las cuales pueden reservarse f\u00e1cilmente a trav\u00e9s de nuestra aplicaci\u00f3n m\u00f3vil o directamente en recepci\u00f3n. Facturaci\u00f3n \u00bfCu\u00e1l es el plazo forzoso de sus membres\u00edas? Contamos con varios planes de acuerdo a lo que tu necesites. Tienes la seguridad de poder hacer crecer tu espacio de trabajo de acuerdo con el crecimiento de tu negocio. Puedes iniciar en el coworking y despu\u00e9s mudarte a una oficina. \u00bfCu\u00e1les m\u00e9todos de pagos ofrecen? Transferencia bancaria y\/o cargo domiciliado a tu tarjeta de cr\u00e9dito. T\u00fa elijes la forma que m\u00e1s te convenga. \u00bfCu\u00e1les son los cargos adicionales por impresiones, cr\u00e9ditos, etc.? Cada impresi\u00f3n adicional en blanco y negro tiene un costo de $1.00; las impresiones a color cuestan de $2.50. Mientras que cualquier cr\u00e9dito adicional para sala de juntas tiene un valor de $150.00 que se realizan\u00a0 \u00bfCuentan con domicilio fiscal? Si, contamos con membres\u00edas y plazos para tener acceso a un domicilio fiscal sin costo adicional. \u00bfCu\u00e1l es la pol\u00edtica de cancelaci\u00f3n? La pol\u00edtica de cancelaci\u00f3n establece que debe cumplirse el periodo de vigencia acordado en el contrato. Las rentas pueden contratarse a partir de un plazo m\u00ednimo de un mes.<\/p>","protected":false},"author":1,"featured_media":0,"parent":0,"menu_order":0,"comment_status":"closed","ping_status":"closed","template":"elementor_header_footer","meta":{"_acf_changed":false,"_joinchat":[],"footnotes":""},"class_list":["post-2990","page","type-page","status-publish","hentry"],"yoast_head":"<!-- This site is optimized with the Yoast SEO plugin v26.9 - https:\/\/yoast.com\/product\/yoast-seo-wordpress\/ -->\n<title>Preguntas frecuentes<\/title>\n<meta name=\"description\" content=\"Aldea Networking. Preguntas frecuentes de nuestros clientes sobre nuestras oficinas en renta para coworking alrededor de M\u00e9xico.\" \/>\n<meta name=\"robots\" content=\"index, follow, max-snippet:-1, max-image-preview:large, max-video-preview:-1\" \/>\n<link rel=\"canonical\" href=\"https:\/\/aldea.work\/en\/preguntas-frecuentes\/\" \/>\n<meta property=\"og:locale\" content=\"en_US\" \/>\n<meta property=\"og:type\" content=\"article\" \/>\n<meta property=\"og:title\" content=\"Preguntas frecuentes\" \/>\n<meta property=\"og:description\" content=\"Aldea Networking. Preguntas frecuentes de nuestros clientes sobre nuestras oficinas en renta para coworking alrededor de M\u00e9xico.\" \/>\n<meta property=\"og:url\" content=\"https:\/\/aldea.work\/en\/preguntas-frecuentes\/\" \/>\n<meta property=\"og:site_name\" content=\"Aldea\" \/>\n<meta property=\"article:modified_time\" content=\"2025-09-01T20:04:59+00:00\" \/>\n<meta name=\"twitter:card\" content=\"summary_large_image\" \/>\n<meta name=\"twitter:label1\" content=\"Est. reading time\" \/>\n\t<meta name=\"twitter:data1\" content=\"4 minutes\" \/>\n<script type=\"application\/ld+json\" class=\"yoast-schema-graph\">{\"@context\":\"https:\/\/schema.org\",\"@graph\":[{\"@type\":\"WebPage\",\"@id\":\"https:\/\/aldea.work\/preguntas-frecuentes\/\",\"url\":\"https:\/\/aldea.work\/preguntas-frecuentes\/\",\"name\":\"Preguntas frecuentes\",\"isPartOf\":{\"@id\":\"https:\/\/aldea.work\/#website\"},\"datePublished\":\"2025-05-21T14:59:08+00:00\",\"dateModified\":\"2025-09-01T20:04:59+00:00\",\"description\":\"Aldea Networking. Preguntas frecuentes de nuestros clientes sobre nuestras oficinas en renta para coworking alrededor de M\u00e9xico.\",\"breadcrumb\":{\"@id\":\"https:\/\/aldea.work\/preguntas-frecuentes\/#breadcrumb\"},\"inLanguage\":\"en-US\",\"potentialAction\":[{\"@type\":\"ReadAction\",\"target\":[\"https:\/\/aldea.work\/preguntas-frecuentes\/\"]}]},{\"@type\":\"BreadcrumbList\",\"@id\":\"https:\/\/aldea.work\/preguntas-frecuentes\/#breadcrumb\",\"itemListElement\":[{\"@type\":\"ListItem\",\"position\":1,\"name\":\"Portada\",\"item\":\"https:\/\/aldea.work\/\"},{\"@type\":\"ListItem\",\"position\":2,\"name\":\"Preguntas Frecuentes\"}]},{\"@type\":\"WebSite\",\"@id\":\"https:\/\/aldea.work\/#website\",\"url\":\"https:\/\/aldea.work\/\",\"name\":\"Aldea\",\"description\":\"Coworking moderno y oficinas en renta en Aguascalientes norte.\",\"publisher\":{\"@id\":\"https:\/\/aldea.work\/#organization\"},\"potentialAction\":[{\"@type\":\"SearchAction\",\"target\":{\"@type\":\"EntryPoint\",\"urlTemplate\":\"https:\/\/aldea.work\/?s={search_term_string}\"},\"query-input\":{\"@type\":\"PropertyValueSpecification\",\"valueRequired\":true,\"valueName\":\"search_term_string\"}}],\"inLanguage\":\"en-US\"},{\"@type\":\"Organization\",\"@id\":\"https:\/\/aldea.work\/#organization\",\"name\":\"Aldea\",\"url\":\"https:\/\/aldea.work\/\",\"logo\":{\"@type\":\"ImageObject\",\"inLanguage\":\"en-US\",\"@id\":\"https:\/\/aldea.work\/#\/schema\/logo\/image\/\",\"url\":\"https:\/\/aldea.work\/wp-content\/uploads\/2025\/04\/LOGO-ALDEA-AZUL.svg\",\"contentUrl\":\"https:\/\/aldea.work\/wp-content\/uploads\/2025\/04\/LOGO-ALDEA-AZUL.svg\",\"caption\":\"Aldea\"},\"image\":{\"@id\":\"https:\/\/aldea.work\/#\/schema\/logo\/image\/\"}}]}<\/script>\n<!-- \/ Yoast SEO plugin. -->","yoast_head_json":{"title":"FAQs","description":"Aldea Networking. Preguntas frecuentes de nuestros clientes sobre nuestras oficinas en renta para coworking alrededor de M\u00e9xico.","robots":{"index":"index","follow":"follow","max-snippet":"max-snippet:-1","max-image-preview":"max-image-preview:large","max-video-preview":"max-video-preview:-1"},"canonical":"https:\/\/aldea.work\/en\/preguntas-frecuentes\/","og_locale":"en_US","og_type":"article","og_title":"Preguntas frecuentes","og_description":"Aldea Networking. Preguntas frecuentes de nuestros clientes sobre nuestras oficinas en renta para coworking alrededor de M\u00e9xico.","og_url":"https:\/\/aldea.work\/en\/preguntas-frecuentes\/","og_site_name":"Aldea","article_modified_time":"2025-09-01T20:04:59+00:00","twitter_card":"summary_large_image","twitter_misc":{"Est. reading time":"4 minutes"},"schema":{"@context":"https:\/\/schema.org","@graph":[{"@type":"WebPage","@id":"https:\/\/aldea.work\/preguntas-frecuentes\/","url":"https:\/\/aldea.work\/preguntas-frecuentes\/","name":"FAQs","isPartOf":{"@id":"https:\/\/aldea.work\/#website"},"datePublished":"2025-05-21T14:59:08+00:00","dateModified":"2025-09-01T20:04:59+00:00","description":"Aldea Networking. Preguntas frecuentes de nuestros clientes sobre nuestras oficinas en renta para coworking alrededor de M\u00e9xico.","breadcrumb":{"@id":"https:\/\/aldea.work\/preguntas-frecuentes\/#breadcrumb"},"inLanguage":"en-US","potentialAction":[{"@type":"ReadAction","target":["https:\/\/aldea.work\/preguntas-frecuentes\/"]}]},{"@type":"BreadcrumbList","@id":"https:\/\/aldea.work\/preguntas-frecuentes\/#breadcrumb","itemListElement":[{"@type":"ListItem","position":1,"name":"Portada","item":"https:\/\/aldea.work\/"},{"@type":"ListItem","position":2,"name":"Preguntas Frecuentes"}]},{"@type":"WebSite","@id":"https:\/\/aldea.work\/#website","url":"https:\/\/aldea.work\/","name":"Aldea","description":"Coworking moderno y oficinas en renta en Aguascalientes norte.","publisher":{"@id":"https:\/\/aldea.work\/#organization"},"potentialAction":[{"@type":"SearchAction","target":{"@type":"EntryPoint","urlTemplate":"https:\/\/aldea.work\/?s={search_term_string}"},"query-input":{"@type":"PropertyValueSpecification","valueRequired":true,"valueName":"search_term_string"}}],"inLanguage":"en-US"},{"@type":"Organization","@id":"https:\/\/aldea.work\/#organization","name":"Aldea","url":"https:\/\/aldea.work\/","logo":{"@type":"ImageObject","inLanguage":"en-US","@id":"https:\/\/aldea.work\/#\/schema\/logo\/image\/","url":"https:\/\/aldea.work\/wp-content\/uploads\/2025\/04\/LOGO-ALDEA-AZUL.svg","contentUrl":"https:\/\/aldea.work\/wp-content\/uploads\/2025\/04\/LOGO-ALDEA-AZUL.svg","caption":"Aldea"},"image":{"@id":"https:\/\/aldea.work\/#\/schema\/logo\/image\/"}}]}},"acf":[],"_links":{"self":[{"href":"https:\/\/aldea.work\/en\/wp-json\/wp\/v2\/pages\/2990","targetHints":{"allow":["GET"]}}],"collection":[{"href":"https:\/\/aldea.work\/en\/wp-json\/wp\/v2\/pages"}],"about":[{"href":"https:\/\/aldea.work\/en\/wp-json\/wp\/v2\/types\/page"}],"author":[{"embeddable":true,"href":"https:\/\/aldea.work\/en\/wp-json\/wp\/v2\/users\/1"}],"replies":[{"embeddable":true,"href":"https:\/\/aldea.work\/en\/wp-json\/wp\/v2\/comments?post=2990"}],"version-history":[{"count":0,"href":"https:\/\/aldea.work\/en\/wp-json\/wp\/v2\/pages\/2990\/revisions"}],"wp:attachment":[{"href":"https:\/\/aldea.work\/en\/wp-json\/wp\/v2\/media?parent=2990"}],"curies":[{"name":"wp","href":"https:\/\/api.w.org\/{rel}","templated":true}]}}